{"id":2384,"date":"2021-09-16T17:35:43","date_gmt":"2021-09-16T17:35:43","guid":{"rendered":"http:\/\/portaldaacorianidade.azores.gov.pt\/?page_id=2384"},"modified":"2021-10-14T16:18:04","modified_gmt":"2021-10-14T16:18:04","slug":"elementor-2384","status":"publish","type":"page","link":"https:\/\/portaldaacorianidade.azores.gov.pt\/en\/","title":{"rendered":"Home"},"content":{"rendered":"\t\t<div data-elementor-type=\"wp-page\" data-elementor-id=\"2384\" class=\"elementor elementor-2384 elementor-948\" data-elementor-settings=\"[]\">\n\t\t\t\t\t\t\t<div class=\"elementor-section-wrap\">\n\t\t\t\t\t\t\t<section class=\" elementor-section  e_lazy_bg elementor-top-section elementor-element elementor-element-fee5078 elementor-section-boxed elementor-section-height-default elementor-section-height-default\" data-id=\"fee5078\" data-element_type=\"section\">\n\t\t\t\t\t\t<div class=\"elementor-container elementor-column-gap-default\">\n\t\t\t\t\t<div class=\"elementor-column elementor-col-100 elementor-top-column elementor-element elementor-element-8dc65b4\" data-id=\"8dc65b4\" data-element_type=\"column\">\n\t\t\t<div class=\"elementor-widget-wrap elementor-element-populated\">\n\t\t\t\t\t\t\t\t<div class=\"elementor-element elementor-element-8c30738 elementor-widget elementor-widget-slider_revolution\" data-id=\"8c30738\" data-element_type=\"widget\" data-widget_type=\"slider_revolution.default\">\n\t\t\t\t<div class=\"elementor-widget-container\">\n\t\t\t\r\n\t\t<div class=\"wp-block-themepunch-revslider\">\n\t\t\t<!-- START News Gallery7 REVOLUTION SLIDER 6.4.11 --><p class=\"rs-p-wp-fix\"><\/p>\n\t\t\t<rs-module-wrap id=\"rev_slider_1_1_wrapper\" data-source=\"post\" style=\"background:#ffffff;padding:0;margin:0px auto;margin-top:0;margin-bottom:0;\">\n\t\t\t\t<rs-module id=\"rev_slider_1_1\" style=\"\" data-version=\"6.4.11\">\n\t\t\t\t\t<rs-slides>\n\t\t\t\t\t\t<rs-slide data-key=\"rs-5023\" data-title=\"Paulo Est\u00eav\u00e3o praises creation of social support network for the Azores and diaspora\" data-thumb=\"\/\/portaldaacorianidade.azores.gov.pt\/wp-content\/uploads\/2025\/04\/PE-100x50.jpg\" data-in=\"o:0;y:(100%);\" data-out=\"y:(-60%);\">\n\t\t\t\t\t\t\t<img loading=\"lazy\" src=\"\/\/portaldaacorianidade.azores.gov.pt\/wp-content\/uploads\/2025\/04\/PE.jpg\" title=\"PE\" width=\"2048\" height=\"1536\" class=\"rev-slidebg tp-rs-img\" data-parallax=\"10\" data-no-retina>\n<!--\n\t\t\t\t\t\t\t--><rs-layer\n\t\t\t\t\t\t\t\tid=\"slider-1-slide-5023-layer-1\" \n\t\t\t\t\t\t\t\tclass=\"Newspaper-Title\"\n\t\t\t\t\t\t\t\tdata-type=\"text\"\n\t\t\t\t\t\t\t\tdata-color=\"rgba(255, 255, 255, 1)\"\n\t\t\t\t\t\t\t\tdata-rsp_ch=\"on\"\n\t\t\t\t\t\t\t\tdata-xy=\"xo:0,30px,35px,20px;yo:304px,264px,199px,190px;\"\n\t\t\t\t\t\t\t\tdata-text=\"w:normal;s:15,15,14,12;l:20;fw:700,500,500,500;\"\n\t\t\t\t\t\t\t\tdata-dim=\"w:944px,879px,704px,440px;h:124px,125px,137px,140px;\"\n\t\t\t\t\t\t\t\tdata-padding=\"b:10,4,10,10;\"\n\t\t\t\t\t\t\t\tdata-frame_0=\"y:-100%;o:1;\"\n\t\t\t\t\t\t\t\tdata-frame_0_mask=\"u:t;\"\n\t\t\t\t\t\t\t\tdata-frame_1=\"x:0,0px,0px,0px;y:0,0px,0px,0px;st:1000;sp:1500;sR:1000;\"\n\t\t\t\t\t\t\t\tdata-frame_1_mask=\"u:t;x:0,0px,0px,0px;y:0,0px,0px,0px;\"\n\t\t\t\t\t\t\t\tdata-frame_999=\"st:w;sp:1000;sR:6500;auto:true;\"\n\t\t\t\t\t\t\t\tdata-frame_999_mask=\"u:t;\"\n\t\t\t\t\t\t\t\tstyle=\"z-index:6;font-family:Roboto;\"\n\t\t\t\t\t\t\t>The Regional Secretary for Parliamentary Affairs and Communities, Paulo Est\u00eav\u00e3o, stated today that the International Network of Social Service Organisations in the Azores and the Diaspora, whose establishment protocol was signed today by about two dozen entities, represents a \u201chistoric moment\u201d for the Azores and their communities.\r\n\r\n\"We are facing an unprecedented situation. The latest figures... \n\t\t\t\t\t\t\t<\/rs-layer><!--\n\n\t\t\t\t\t\t\t--><rs-layer\n\t\t\t\t\t\t\t\tid=\"slider-1-slide-5023-layer-2\" \n\t\t\t\t\t\t\t\tclass=\"Newspaper-Subtitle\"\n\t\t\t\t\t\t\t\tdata-type=\"text\"\n\t\t\t\t\t\t\t\tdata-rsp_ch=\"on\"\n\t\t\t\t\t\t\t\tdata-xy=\"xo:0,30px,35px,20px;yo:237px,208px,152px,141px;\"\n\t\t\t\t\t\t\t\tdata-text=\"s:30,21,20,18;l:34,25,23,23;fw:700,500,500,500;\"\n\t\t\t\t\t\t\t\tdata-dim=\"w:940px,878px,733.4839999999999px,433px;h:67px,54px,47px,50px;\"\n\t\t\t\t\t\t\t\tdata-frame_0=\"y:-100%;o:1;\"\n\t\t\t\t\t\t\t\tdata-frame_0_mask=\"u:t;\"\n\t\t\t\t\t\t\t\tdata-frame_1=\"x:0,0,0,0px;y:0,0,0,0px;st:1000;sp:1500;sR:1000;\"\n\t\t\t\t\t\t\t\tdata-frame_1_mask=\"u:t;x:0,0,0,0px;y:0,0,0,0px;\"\n\t\t\t\t\t\t\t\tdata-frame_999=\"st:w;sp:1000;sR:6500;auto:true;\"\n\t\t\t\t\t\t\t\tdata-frame_999_mask=\"u:t;\"\n\t\t\t\t\t\t\t\tstyle=\"z-index:7;font-family:Roboto;\"\n\t\t\t\t\t\t\t>Paulo Est\u00eav\u00e3o praises creation of social support network for the Azores and diaspora \n\t\t\t\t\t\t\t<\/rs-layer><!--\n\n\t\t\t\t\t\t\t--><rs-layer\n\t\t\t\t\t\t\t\tid=\"slider-1-slide-5023-layer-3\" \n\t\t\t\t\t\t\t\tclass=\"tp-shape tp-shapewrapper\"\n\t\t\t\t\t\t\t\tdata-type=\"shape\"\n\t\t\t\t\t\t\t\tdata-rsp_ch=\"on\"\n\t\t\t\t\t\t\t\tdata-xy=\"x:c;y:m;\"\n\t\t\t\t\t\t\t\tdata-text=\"w:normal;fw:700;\"\n\t\t\t\t\t\t\t\tdata-dim=\"w:100%;h:100%;\"\n\t\t\t\t\t\t\t\tdata-basealign=\"slide\"\n\t\t\t\t\t\t\t\tdata-frame_1=\"st:1000;sp:1500;sR:1000;\"\n\t\t\t\t\t\t\t\tdata-frame_999=\"o:0;st:w;sp:1000;sR:6500;\"\n\t\t\t\t\t\t\t\tstyle=\"z-index:5;background-color:rgba(0,0,0,0.35);\"\n\t\t\t\t\t\t\t> \n\t\t\t\t\t\t\t<\/rs-layer><!--\n\n\t\t\t\t\t\t\t--><rs-layer\n\t\t\t\t\t\t\t\tid=\"slider-1-slide-5023-layer-5\" \n\t\t\t\t\t\t\t\tclass=\"Newspaper-Button rev-btn\"\n\t\t\t\t\t\t\t\tdata-type=\"button\"\n\t\t\t\t\t\t\t\tdata-color=\"rgba(255, 255, 255, 1)\"\n\t\t\t\t\t\t\t\tdata-xy=\"xo:-1px,30px,35px,20px;yo:437px,400px,346px,337px;\"\n\t\t\t\t\t\t\t\tdata-text=\"s:12,12,10,10;l:22,17,11,12;ls:2px,2px,1px,1px;fw:700;\"\n\t\t\t\t\t\t\t\tdata-actions='o:click;a:simplelink;target:_self;url:https:\/\/portaldaacorianidade.azores.gov.pt\/en\/paulo-estevao-praises-creation-of-social-support-network-for-the-azores-and-diaspora\/;'\n\t\t\t\t\t\t\t\tdata-rsp_bd=\"off\"\n\t\t\t\t\t\t\t\tdata-padding=\"t:12,12,8,9;r:35,35,22,26;b:12,12,8,9;l:35,35,22,26;\"\n\t\t\t\t\t\t\t\tdata-border=\"bos:solid;boc:rgba(255, 255, 255, 0.25);bow:2px,2px,2px,2px;bor:3px,3px,3px,3px;\"\n\t\t\t\t\t\t\t\tdata-frame_0=\"y:-100%;o:1;\"\n\t\t\t\t\t\t\t\tdata-frame_0_mask=\"u:t;\"\n\t\t\t\t\t\t\t\tdata-frame_1=\"x:0,0,0px,0px;y:0,0,0px,0px;st:1000;sp:1500;sR:1000;\"\n\t\t\t\t\t\t\t\tdata-frame_1_mask=\"u:t;x:0,0,0px,0px;y:0,0,0px,0px;\"\n\t\t\t\t\t\t\t\tdata-frame_999=\"st:w;sp:1000;sR:6500;auto:true;\"\n\t\t\t\t\t\t\t\tdata-frame_999_mask=\"u:t;\"\n\t\t\t\t\t\t\t\tdata-frame_hover=\"c:#000;bgc:#fff;boc:#fff;bor:3px,3px,3px,3px;bos:solid;bow:2px,2px,2px,2px;oX:50;oY:50;e:power1.inOut;\"\n\t\t\t\t\t\t\t\tstyle=\"z-index:8;background-color:#00659b;font-family:Roboto;cursor:pointer;outline:none;box-shadow:none;box-sizing:border-box;-moz-box-sizing:border-box;-webkit-box-sizing:border-box;\"\n\t\t\t\t\t\t\t>Know more \n\t\t\t\t\t\t\t<\/rs-layer><!--\n\n\t\t\t\t\t\t\t--><rs-layer\n\t\t\t\t\t\t\t\tid=\"slider-1-slide-5023-layer-6\" \n\t\t\t\t\t\t\t\tclass=\"Newspaper-Title\"\n\t\t\t\t\t\t\t\tdata-type=\"text\"\n\t\t\t\t\t\t\t\tdata-color=\"rgba(255, 255, 255, 1)\"\n\t\t\t\t\t\t\t\tdata-rsp_ch=\"on\"\n\t\t\t\t\t\t\t\tdata-xy=\"xo:0,30px,35px,20px;yo:213px,179px,136px,121px;\"\n\t\t\t\t\t\t\t\tdata-text=\"w:normal;s:15,16,14,12;l:20,21,16,20;fw:500;\"\n\t\t\t\t\t\t\t\tdata-dim=\"w:944px,638px,456px,405px;h:22px,auto,auto,21px;\"\n\t\t\t\t\t\t\t\tdata-padding=\"b:10,4,3,3;\"\n\t\t\t\t\t\t\t\tdata-frame_0=\"y:-100%;o:1;\"\n\t\t\t\t\t\t\t\tdata-frame_0_mask=\"u:t;\"\n\t\t\t\t\t\t\t\tdata-frame_1=\"x:0,0px,0px,0px;y:0,0px,0px,0px;st:1000;sp:1500;sR:1000;\"\n\t\t\t\t\t\t\t\tdata-frame_1_mask=\"u:t;x:0,0px,0px,0px;y:0,0px,0px,0px;\"\n\t\t\t\t\t\t\t\tdata-frame_999=\"st:w;sp:1000;sR:6500;auto:true;\"\n\t\t\t\t\t\t\t\tdata-frame_999_mask=\"u:t;\"\n\t\t\t\t\t\t\t\tstyle=\"z-index:6;font-family:Roboto;\"\n\t\t\t\t\t\t\t>April 16, 2025 \n\t\t\t\t\t\t\t<\/rs-layer><!--\n-->\t\t\t\t\t\t<\/rs-slide>\n\t\t\t\t\t\t<rs-slide data-key=\"rs-5015\" data-title=\"Social Service organisations from the Azores and Diaspora meet in Ponta Delgada on Monday\" data-thumb=\"\/\/portaldaacorianidade.azores.gov.pt\/wp-content\/uploads\/2025\/04\/oss-imagem-100x50.jpg\" data-in=\"o:0;y:(100%);\" data-out=\"y:(-60%);\">\n\t\t\t\t\t\t\t<img loading=\"lazy\" src=\"\/\/portaldaacorianidade.azores.gov.pt\/wp-content\/uploads\/2025\/04\/oss-imagem.jpg\" title=\"Encontro de OSS_NI &#8211; 1\" width=\"1702\" height=\"630\" class=\"rev-slidebg tp-rs-img\" data-parallax=\"10\" data-no-retina>\n<!--\n\t\t\t\t\t\t\t--><rs-layer\n\t\t\t\t\t\t\t\tid=\"slider-1-slide-5015-layer-1\" \n\t\t\t\t\t\t\t\tclass=\"Newspaper-Title\"\n\t\t\t\t\t\t\t\tdata-type=\"text\"\n\t\t\t\t\t\t\t\tdata-color=\"rgba(255, 255, 255, 1)\"\n\t\t\t\t\t\t\t\tdata-rsp_ch=\"on\"\n\t\t\t\t\t\t\t\tdata-xy=\"xo:0,30px,35px,20px;yo:304px,264px,199px,190px;\"\n\t\t\t\t\t\t\t\tdata-text=\"w:normal;s:15,15,14,12;l:20;fw:700,500,500,500;\"\n\t\t\t\t\t\t\t\tdata-dim=\"w:944px,879px,704px,440px;h:124px,125px,137px,140px;\"\n\t\t\t\t\t\t\t\tdata-padding=\"b:10,4,10,10;\"\n\t\t\t\t\t\t\t\tdata-frame_0=\"y:-100%;o:1;\"\n\t\t\t\t\t\t\t\tdata-frame_0_mask=\"u:t;\"\n\t\t\t\t\t\t\t\tdata-frame_1=\"x:0,0px,0px,0px;y:0,0px,0px,0px;st:1000;sp:1500;sR:1000;\"\n\t\t\t\t\t\t\t\tdata-frame_1_mask=\"u:t;x:0,0px,0px,0px;y:0,0px,0px,0px;\"\n\t\t\t\t\t\t\t\tdata-frame_999=\"st:w;sp:1000;sR:6500;auto:true;\"\n\t\t\t\t\t\t\t\tdata-frame_999_mask=\"u:t;\"\n\t\t\t\t\t\t\t\tstyle=\"z-index:6;font-family:Roboto;\"\n\t\t\t\t\t\t\t>The Regional Secretariat for Parliamentary Affairs and Communities, through the Regional Directorate for the Communities, is organising an International Seminar for Social Service Organisations from the Azores and the Diaspora next Monday, April 14, at the Regional Civil Engineering Laboratory auditorium in Ponta Delgada.\r\n\r\nWith this meeting, the Azorean Government intends to reactivate and boost the... \n\t\t\t\t\t\t\t<\/rs-layer><!--\n\n\t\t\t\t\t\t\t--><rs-layer\n\t\t\t\t\t\t\t\tid=\"slider-1-slide-5015-layer-2\" \n\t\t\t\t\t\t\t\tclass=\"Newspaper-Subtitle\"\n\t\t\t\t\t\t\t\tdata-type=\"text\"\n\t\t\t\t\t\t\t\tdata-rsp_ch=\"on\"\n\t\t\t\t\t\t\t\tdata-xy=\"xo:0,30px,35px,20px;yo:237px,208px,152px,141px;\"\n\t\t\t\t\t\t\t\tdata-text=\"s:30,21,20,18;l:34,25,23,23;fw:700,500,500,500;\"\n\t\t\t\t\t\t\t\tdata-dim=\"w:940px,878px,733.4839999999999px,433px;h:67px,54px,47px,50px;\"\n\t\t\t\t\t\t\t\tdata-frame_0=\"y:-100%;o:1;\"\n\t\t\t\t\t\t\t\tdata-frame_0_mask=\"u:t;\"\n\t\t\t\t\t\t\t\tdata-frame_1=\"x:0,0,0,0px;y:0,0,0,0px;st:1000;sp:1500;sR:1000;\"\n\t\t\t\t\t\t\t\tdata-frame_1_mask=\"u:t;x:0,0,0,0px;y:0,0,0,0px;\"\n\t\t\t\t\t\t\t\tdata-frame_999=\"st:w;sp:1000;sR:6500;auto:true;\"\n\t\t\t\t\t\t\t\tdata-frame_999_mask=\"u:t;\"\n\t\t\t\t\t\t\t\tstyle=\"z-index:7;font-family:Roboto;\"\n\t\t\t\t\t\t\t>Social Service organisations from the Azores and Diaspora meet in Ponta Delgada on Monday \n\t\t\t\t\t\t\t<\/rs-layer><!--\n\n\t\t\t\t\t\t\t--><rs-layer\n\t\t\t\t\t\t\t\tid=\"slider-1-slide-5015-layer-3\" \n\t\t\t\t\t\t\t\tclass=\"tp-shape tp-shapewrapper\"\n\t\t\t\t\t\t\t\tdata-type=\"shape\"\n\t\t\t\t\t\t\t\tdata-rsp_ch=\"on\"\n\t\t\t\t\t\t\t\tdata-xy=\"x:c;y:m;\"\n\t\t\t\t\t\t\t\tdata-text=\"w:normal;fw:700;\"\n\t\t\t\t\t\t\t\tdata-dim=\"w:100%;h:100%;\"\n\t\t\t\t\t\t\t\tdata-basealign=\"slide\"\n\t\t\t\t\t\t\t\tdata-frame_1=\"st:1000;sp:1500;sR:1000;\"\n\t\t\t\t\t\t\t\tdata-frame_999=\"o:0;st:w;sp:1000;sR:6500;\"\n\t\t\t\t\t\t\t\tstyle=\"z-index:5;background-color:rgba(0,0,0,0.35);\"\n\t\t\t\t\t\t\t> \n\t\t\t\t\t\t\t<\/rs-layer><!--\n\n\t\t\t\t\t\t\t--><rs-layer\n\t\t\t\t\t\t\t\tid=\"slider-1-slide-5015-layer-5\" \n\t\t\t\t\t\t\t\tclass=\"Newspaper-Button rev-btn\"\n\t\t\t\t\t\t\t\tdata-type=\"button\"\n\t\t\t\t\t\t\t\tdata-color=\"rgba(255, 255, 255, 1)\"\n\t\t\t\t\t\t\t\tdata-xy=\"xo:-1px,30px,35px,20px;yo:437px,400px,346px,337px;\"\n\t\t\t\t\t\t\t\tdata-text=\"s:12,12,10,10;l:22,17,11,12;ls:2px,2px,1px,1px;fw:700;\"\n\t\t\t\t\t\t\t\tdata-actions='o:click;a:simplelink;target:_self;url:https:\/\/portaldaacorianidade.azores.gov.pt\/en\/social-service-organisations-from-the-azores-and-diaspora-meet-in-ponta-delgada-on-monday\/;'\n\t\t\t\t\t\t\t\tdata-rsp_bd=\"off\"\n\t\t\t\t\t\t\t\tdata-padding=\"t:12,12,8,9;r:35,35,22,26;b:12,12,8,9;l:35,35,22,26;\"\n\t\t\t\t\t\t\t\tdata-border=\"bos:solid;boc:rgba(255, 255, 255, 0.25);bow:2px,2px,2px,2px;bor:3px,3px,3px,3px;\"\n\t\t\t\t\t\t\t\tdata-frame_0=\"y:-100%;o:1;\"\n\t\t\t\t\t\t\t\tdata-frame_0_mask=\"u:t;\"\n\t\t\t\t\t\t\t\tdata-frame_1=\"x:0,0,0px,0px;y:0,0,0px,0px;st:1000;sp:1500;sR:1000;\"\n\t\t\t\t\t\t\t\tdata-frame_1_mask=\"u:t;x:0,0,0px,0px;y:0,0,0px,0px;\"\n\t\t\t\t\t\t\t\tdata-frame_999=\"st:w;sp:1000;sR:6500;auto:true;\"\n\t\t\t\t\t\t\t\tdata-frame_999_mask=\"u:t;\"\n\t\t\t\t\t\t\t\tdata-frame_hover=\"c:#000;bgc:#fff;boc:#fff;bor:3px,3px,3px,3px;bos:solid;bow:2px,2px,2px,2px;oX:50;oY:50;e:power1.inOut;\"\n\t\t\t\t\t\t\t\tstyle=\"z-index:8;background-color:#00659b;font-family:Roboto;cursor:pointer;outline:none;box-shadow:none;box-sizing:border-box;-moz-box-sizing:border-box;-webkit-box-sizing:border-box;\"\n\t\t\t\t\t\t\t>Know more \n\t\t\t\t\t\t\t<\/rs-layer><!--\n\n\t\t\t\t\t\t\t--><rs-layer\n\t\t\t\t\t\t\t\tid=\"slider-1-slide-5015-layer-6\" \n\t\t\t\t\t\t\t\tclass=\"Newspaper-Title\"\n\t\t\t\t\t\t\t\tdata-type=\"text\"\n\t\t\t\t\t\t\t\tdata-color=\"rgba(255, 255, 255, 1)\"\n\t\t\t\t\t\t\t\tdata-rsp_ch=\"on\"\n\t\t\t\t\t\t\t\tdata-xy=\"xo:0,30px,35px,20px;yo:213px,179px,136px,121px;\"\n\t\t\t\t\t\t\t\tdata-text=\"w:normal;s:15,16,14,12;l:20,21,16,20;fw:500;\"\n\t\t\t\t\t\t\t\tdata-dim=\"w:944px,638px,456px,405px;h:22px,auto,auto,21px;\"\n\t\t\t\t\t\t\t\tdata-padding=\"b:10,4,3,3;\"\n\t\t\t\t\t\t\t\tdata-frame_0=\"y:-100%;o:1;\"\n\t\t\t\t\t\t\t\tdata-frame_0_mask=\"u:t;\"\n\t\t\t\t\t\t\t\tdata-frame_1=\"x:0,0px,0px,0px;y:0,0px,0px,0px;st:1000;sp:1500;sR:1000;\"\n\t\t\t\t\t\t\t\tdata-frame_1_mask=\"u:t;x:0,0px,0px,0px;y:0,0px,0px,0px;\"\n\t\t\t\t\t\t\t\tdata-frame_999=\"st:w;sp:1000;sR:6500;auto:true;\"\n\t\t\t\t\t\t\t\tdata-frame_999_mask=\"u:t;\"\n\t\t\t\t\t\t\t\tstyle=\"z-index:6;font-family:Roboto;\"\n\t\t\t\t\t\t\t>April 10, 2025 \n\t\t\t\t\t\t\t<\/rs-layer><!--\n-->\t\t\t\t\t\t<\/rs-slide>\n\t\t\t\t\t\t<rs-slide data-key=\"rs-5008\" data-title=\"Applications for Azorean Diaspora Adviser run from April 1 to 10\" data-thumb=\"\/\/portaldaacorianidade.azores.gov.pt\/wp-content\/uploads\/2025\/04\/CDA-25-100x50.jpg\" data-in=\"o:0;y:(100%);\" data-out=\"y:(-60%);\">\n\t\t\t\t\t\t\t<img loading=\"lazy\" src=\"\/\/portaldaacorianidade.azores.gov.pt\/wp-content\/uploads\/2025\/04\/CDA-25.jpg\" title=\"CDA NI &#8211; 2\" width=\"2553\" height=\"945\" class=\"rev-slidebg tp-rs-img\" data-parallax=\"10\" data-no-retina>\n<!--\n\t\t\t\t\t\t\t--><rs-layer\n\t\t\t\t\t\t\t\tid=\"slider-1-slide-5008-layer-1\" \n\t\t\t\t\t\t\t\tclass=\"Newspaper-Title\"\n\t\t\t\t\t\t\t\tdata-type=\"text\"\n\t\t\t\t\t\t\t\tdata-color=\"rgba(255, 255, 255, 1)\"\n\t\t\t\t\t\t\t\tdata-rsp_ch=\"on\"\n\t\t\t\t\t\t\t\tdata-xy=\"xo:0,30px,35px,20px;yo:304px,264px,199px,190px;\"\n\t\t\t\t\t\t\t\tdata-text=\"w:normal;s:15,15,14,12;l:20;fw:700,500,500,500;\"\n\t\t\t\t\t\t\t\tdata-dim=\"w:944px,879px,704px,440px;h:124px,125px,137px,140px;\"\n\t\t\t\t\t\t\t\tdata-padding=\"b:10,4,10,10;\"\n\t\t\t\t\t\t\t\tdata-frame_0=\"y:-100%;o:1;\"\n\t\t\t\t\t\t\t\tdata-frame_0_mask=\"u:t;\"\n\t\t\t\t\t\t\t\tdata-frame_1=\"x:0,0px,0px,0px;y:0,0px,0px,0px;st:1000;sp:1500;sR:1000;\"\n\t\t\t\t\t\t\t\tdata-frame_1_mask=\"u:t;x:0,0px,0px,0px;y:0,0px,0px,0px;\"\n\t\t\t\t\t\t\t\tdata-frame_999=\"st:w;sp:1000;sR:6500;auto:true;\"\n\t\t\t\t\t\t\t\tdata-frame_999_mask=\"u:t;\"\n\t\t\t\t\t\t\t\tstyle=\"z-index:6;font-family:Roboto;\"\n\t\t\t\t\t\t\t>The Regional Secretariat for Parliamentary Affairs and Communities informs that the submission period for applications for Azorean Diaspora Adviser runs from April 1 to 10.\r\n\r\nThis process, which will culminate in the election of the 19 advisers who will make up the Azorean Diaspora Council (CDA) for the 2025-2029 term, is carried out through the Azoreans... \n\t\t\t\t\t\t\t<\/rs-layer><!--\n\n\t\t\t\t\t\t\t--><rs-layer\n\t\t\t\t\t\t\t\tid=\"slider-1-slide-5008-layer-2\" \n\t\t\t\t\t\t\t\tclass=\"Newspaper-Subtitle\"\n\t\t\t\t\t\t\t\tdata-type=\"text\"\n\t\t\t\t\t\t\t\tdata-rsp_ch=\"on\"\n\t\t\t\t\t\t\t\tdata-xy=\"xo:0,30px,35px,20px;yo:237px,208px,152px,141px;\"\n\t\t\t\t\t\t\t\tdata-text=\"s:30,21,20,18;l:34,25,23,23;fw:700,500,500,500;\"\n\t\t\t\t\t\t\t\tdata-dim=\"w:940px,878px,733.4839999999999px,433px;h:67px,54px,47px,50px;\"\n\t\t\t\t\t\t\t\tdata-frame_0=\"y:-100%;o:1;\"\n\t\t\t\t\t\t\t\tdata-frame_0_mask=\"u:t;\"\n\t\t\t\t\t\t\t\tdata-frame_1=\"x:0,0,0,0px;y:0,0,0,0px;st:1000;sp:1500;sR:1000;\"\n\t\t\t\t\t\t\t\tdata-frame_1_mask=\"u:t;x:0,0,0,0px;y:0,0,0,0px;\"\n\t\t\t\t\t\t\t\tdata-frame_999=\"st:w;sp:1000;sR:6500;auto:true;\"\n\t\t\t\t\t\t\t\tdata-frame_999_mask=\"u:t;\"\n\t\t\t\t\t\t\t\tstyle=\"z-index:7;font-family:Roboto;\"\n\t\t\t\t\t\t\t>Applications for Azorean Diaspora Adviser run from April 1 to 10 \n\t\t\t\t\t\t\t<\/rs-layer><!--\n\n\t\t\t\t\t\t\t--><rs-layer\n\t\t\t\t\t\t\t\tid=\"slider-1-slide-5008-layer-3\" \n\t\t\t\t\t\t\t\tclass=\"tp-shape tp-shapewrapper\"\n\t\t\t\t\t\t\t\tdata-type=\"shape\"\n\t\t\t\t\t\t\t\tdata-rsp_ch=\"on\"\n\t\t\t\t\t\t\t\tdata-xy=\"x:c;y:m;\"\n\t\t\t\t\t\t\t\tdata-text=\"w:normal;fw:700;\"\n\t\t\t\t\t\t\t\tdata-dim=\"w:100%;h:100%;\"\n\t\t\t\t\t\t\t\tdata-basealign=\"slide\"\n\t\t\t\t\t\t\t\tdata-frame_1=\"st:1000;sp:1500;sR:1000;\"\n\t\t\t\t\t\t\t\tdata-frame_999=\"o:0;st:w;sp:1000;sR:6500;\"\n\t\t\t\t\t\t\t\tstyle=\"z-index:5;background-color:rgba(0,0,0,0.35);\"\n\t\t\t\t\t\t\t> \n\t\t\t\t\t\t\t<\/rs-layer><!--\n\n\t\t\t\t\t\t\t--><rs-layer\n\t\t\t\t\t\t\t\tid=\"slider-1-slide-5008-layer-5\" \n\t\t\t\t\t\t\t\tclass=\"Newspaper-Button rev-btn\"\n\t\t\t\t\t\t\t\tdata-type=\"button\"\n\t\t\t\t\t\t\t\tdata-color=\"rgba(255, 255, 255, 1)\"\n\t\t\t\t\t\t\t\tdata-xy=\"xo:-1px,30px,35px,20px;yo:437px,400px,346px,337px;\"\n\t\t\t\t\t\t\t\tdata-text=\"s:12,12,10,10;l:22,17,11,12;ls:2px,2px,1px,1px;fw:700;\"\n\t\t\t\t\t\t\t\tdata-actions='o:click;a:simplelink;target:_self;url:https:\/\/portaldaacorianidade.azores.gov.pt\/en\/applications-for-azorean-diaspora-adviser-run-from-april-1-to-10\/;'\n\t\t\t\t\t\t\t\tdata-rsp_bd=\"off\"\n\t\t\t\t\t\t\t\tdata-padding=\"t:12,12,8,9;r:35,35,22,26;b:12,12,8,9;l:35,35,22,26;\"\n\t\t\t\t\t\t\t\tdata-border=\"bos:solid;boc:rgba(255, 255, 255, 0.25);bow:2px,2px,2px,2px;bor:3px,3px,3px,3px;\"\n\t\t\t\t\t\t\t\tdata-frame_0=\"y:-100%;o:1;\"\n\t\t\t\t\t\t\t\tdata-frame_0_mask=\"u:t;\"\n\t\t\t\t\t\t\t\tdata-frame_1=\"x:0,0,0px,0px;y:0,0,0px,0px;st:1000;sp:1500;sR:1000;\"\n\t\t\t\t\t\t\t\tdata-frame_1_mask=\"u:t;x:0,0,0px,0px;y:0,0,0px,0px;\"\n\t\t\t\t\t\t\t\tdata-frame_999=\"st:w;sp:1000;sR:6500;auto:true;\"\n\t\t\t\t\t\t\t\tdata-frame_999_mask=\"u:t;\"\n\t\t\t\t\t\t\t\tdata-frame_hover=\"c:#000;bgc:#fff;boc:#fff;bor:3px,3px,3px,3px;bos:solid;bow:2px,2px,2px,2px;oX:50;oY:50;e:power1.inOut;\"\n\t\t\t\t\t\t\t\tstyle=\"z-index:8;background-color:#00659b;font-family:Roboto;cursor:pointer;outline:none;box-shadow:none;box-sizing:border-box;-moz-box-sizing:border-box;-webkit-box-sizing:border-box;\"\n\t\t\t\t\t\t\t>Know more \n\t\t\t\t\t\t\t<\/rs-layer><!--\n\n\t\t\t\t\t\t\t--><rs-layer\n\t\t\t\t\t\t\t\tid=\"slider-1-slide-5008-layer-6\" \n\t\t\t\t\t\t\t\tclass=\"Newspaper-Title\"\n\t\t\t\t\t\t\t\tdata-type=\"text\"\n\t\t\t\t\t\t\t\tdata-color=\"rgba(255, 255, 255, 1)\"\n\t\t\t\t\t\t\t\tdata-rsp_ch=\"on\"\n\t\t\t\t\t\t\t\tdata-xy=\"xo:0,30px,35px,20px;yo:213px,179px,136px,121px;\"\n\t\t\t\t\t\t\t\tdata-text=\"w:normal;s:15,16,14,12;l:20,21,16,20;fw:500;\"\n\t\t\t\t\t\t\t\tdata-dim=\"w:944px,638px,456px,405px;h:22px,auto,auto,21px;\"\n\t\t\t\t\t\t\t\tdata-padding=\"b:10,4,3,3;\"\n\t\t\t\t\t\t\t\tdata-frame_0=\"y:-100%;o:1;\"\n\t\t\t\t\t\t\t\tdata-frame_0_mask=\"u:t;\"\n\t\t\t\t\t\t\t\tdata-frame_1=\"x:0,0px,0px,0px;y:0,0px,0px,0px;st:1000;sp:1500;sR:1000;\"\n\t\t\t\t\t\t\t\tdata-frame_1_mask=\"u:t;x:0,0px,0px,0px;y:0,0px,0px,0px;\"\n\t\t\t\t\t\t\t\tdata-frame_999=\"st:w;sp:1000;sR:6500;auto:true;\"\n\t\t\t\t\t\t\t\tdata-frame_999_mask=\"u:t;\"\n\t\t\t\t\t\t\t\tstyle=\"z-index:6;font-family:Roboto;\"\n\t\t\t\t\t\t\t>April 1, 2025 \n\t\t\t\t\t\t\t<\/rs-layer><!--\n-->\t\t\t\t\t\t<\/rs-slide>\n\t\t\t\t\t<\/rs-slides>\n\t\t\t\t<\/rs-module>\n\t\t\t\t<script type=\"text\/javascript\">\n\t\t\t\t\tsetREVStartSize({c: 'rev_slider_1_1',rl:[1240,1024,778,480],el:[700,600,600,500],gw:[940,940,778,480],gh:[700,600,600,500],type:'standard',justify:'',layout:'fullwidth',mh:\"0\"});\n\t\t\t\t\tvar\trevapi1,\n\t\t\t\t\t\ttpj;\n\t\t\t\t\tfunction revinit_revslider11() {\n\t\t\t\t\tjQuery(function() {\n\t\t\t\t\t\ttpj = jQuery;\n\t\t\t\t\t\trevapi1 = tpj(\"#rev_slider_1_1\");\n\t\t\t\t\t\tif(revapi1==undefined || revapi1.revolution == undefined){\n\t\t\t\t\t\t\trevslider_showDoubleJqueryError(\"rev_slider_1_1\");\n\t\t\t\t\t\t}else{\n\t\t\t\t\t\t\trevapi1.revolution({\n\t\t\t\t\t\t\t\tDPR:\"dpr\",\n\t\t\t\t\t\t\t\tsliderLayout:\"fullwidth\",\n\t\t\t\t\t\t\t\tvisibilityLevels:\"1240,1024,778,480\",\n\t\t\t\t\t\t\t\tgridwidth:\"940,940,778,480\",\n\t\t\t\t\t\t\t\tgridheight:\"700,600,600,500\",\n\t\t\t\t\t\t\t\tperspective:600,\n\t\t\t\t\t\t\t\tperspectiveType:\"local\",\n\t\t\t\t\t\t\t\teditorheight:\"700,600,600,500\",\n\t\t\t\t\t\t\t\tresponsiveLevels:\"1240,1024,778,480\",\n\t\t\t\t\t\t\t\tprogressBar:{disableProgressBar:true},\n\t\t\t\t\t\t\t\tnavigation: {\n\t\t\t\t\t\t\t\t\tkeyboardNavigation:true,\n\t\t\t\t\t\t\t\t\tmouseScrollNavigation:false,\n\t\t\t\t\t\t\t\t\twheelCallDelay:1000,\n\t\t\t\t\t\t\t\t\ttouch: {\n\t\t\t\t\t\t\t\t\t\ttouchenabled:true\n\t\t\t\t\t\t\t\t\t},\n\t\t\t\t\t\t\t\t\tarrows: {\n\t\t\t\t\t\t\t\t\t\tenable:true,\n\t\t\t\t\t\t\t\t\t\tstyle:\"hephaistos\",\n\t\t\t\t\t\t\t\t\t\thide_onmobile:true,\n\t\t\t\t\t\t\t\t\t\thide_under:\"1020px\",\n\t\t\t\t\t\t\t\t\t\thide_onleave:true,\n\t\t\t\t\t\t\t\t\t\tleft: {\n\t\t\t\t\t\t\t\t\t\t\th_offset:40\n\t\t\t\t\t\t\t\t\t\t},\n\t\t\t\t\t\t\t\t\t\tright: {\n\t\t\t\t\t\t\t\t\t\t\th_offset:40\n\t\t\t\t\t\t\t\t\t\t}\n\t\t\t\t\t\t\t\t\t}\n\t\t\t\t\t\t\t\t},\n\t\t\t\t\t\t\t\tparallax: {\n\t\t\t\t\t\t\t\t\tlevels:[5,10,15,20,25,30,35,40,45,50,47,48,49,50,51,55],\n\t\t\t\t\t\t\t\t\ttype:\"scroll\"\n\t\t\t\t\t\t\t\t},\n\t\t\t\t\t\t\t\tfanim: {\n\t\t\t\t\t\t\t\t\tin:{\"o\":0},\n\t\t\t\t\t\t\t\t\tout:{\"a\":false},\n\t\t\t\t\t\t\t\t\tspeed:1500\n\t\t\t\t\t\t\t\t},\n\t\t\t\t\t\t\t\tviewPort: {\n\t\t\t\t\t\t\t\t\tenable:true,\n\t\t\t\t\t\t\t\t\toutof:\"pause\",\n\t\t\t\t\t\t\t\t\tvisible_area:\"20%\"\n\t\t\t\t\t\t\t\t},\n\t\t\t\t\t\t\t\tfallbacks: {\n\t\t\t\t\t\t\t\t\tallowHTML5AutoPlayOnAndroid:true\n\t\t\t\t\t\t\t\t},\n\t\t\t\t\t\t\t});\n\t\t\t\t\t\t}\n\t\t\t\t\t\t\n\t\t\t\t\t});\n\t\t\t\t\t} \/\/ End of RevInitScript\n\t\t\t\tvar once_revslider11 = false;\n\t\t\t\tif (document.readyState === \"loading\") {document.addEventListener('readystatechange',function() { if((document.readyState === \"interactive\" || document.readyState === \"complete\") && !once_revslider11 ) { once_revslider11 = true; revinit_revslider11();}});} else {once_revslider11 = true; revinit_revslider11();}\n\t\t\t\t<\/script>\n\t\t\t\t<script>\n\t\t\t\t\tvar htmlDivCss = unescape(\"%23rev_slider_1_1_wrapper%20.hephaistos.tparrows%20%7B%0A%09cursor%3Apointer%3B%0A%09background%3Argba%280%2C%200%2C%200%2C%200%29%3B%0A%09width%3A40px%3B%0A%09height%3A40px%3B%0A%09position%3Aabsolute%3B%0A%09display%3Ablock%3B%0A%09z-index%3A1000%3B%0A%20%20%20%20border-radius%3A50%25%3B%0A%7D%0A%23rev_slider_1_1_wrapper%20.hephaistos.tparrows.rs-touchhover%20%7B%0A%09background%3Argba%280%2C%200%2C%200%2C%200%29%3B%0A%7D%0A%23rev_slider_1_1_wrapper%20.hephaistos.tparrows%3Abefore%20%7B%0A%09font-family%3A%20%27revicons%27%3B%0A%09font-size%3A18px%3B%0A%09color%3A%23ffffff%3B%0A%09display%3Ablock%3B%0A%09line-height%3A%2040px%3B%0A%09text-align%3A%20center%3B%0A%7D%0A%23rev_slider_1_1_wrapper%20.hephaistos.tparrows.tp-leftarrow%3Abefore%20%7B%0A%09content%3A%20%27%5Ce82c%27%3B%0A%20%20%20%20margin-left%3A-2px%3B%0A%20%20%0A%7D%0A%23rev_slider_1_1_wrapper%20.hephaistos.tparrows.tp-rightarrow%3Abefore%20%7B%0A%09content%3A%20%27%5Ce82d%27%3B%0A%20%20%20%20margin-right%3A-2px%3B%0A%7D%0A%0A%0A\");\n\t\t\t\t\tvar htmlDiv = document.getElementById('rs-plugin-settings-inline-css');\n\t\t\t\t\tif(htmlDiv) {\n\t\t\t\t\t\thtmlDiv.innerHTML = htmlDiv.innerHTML + htmlDivCss;\n\t\t\t\t\t}else{\n\t\t\t\t\t\tvar htmlDiv = document.createElement('div');\n\t\t\t\t\t\thtmlDiv.innerHTML = '<style>' + htmlDivCss + '<\/style>';\n\t\t\t\t\t\tdocument.getElementsByTagName('head')[0].appendChild(htmlDiv.childNodes[0]);\n\t\t\t\t\t}\n\t\t\t\t<\/script>\n\t\t\t\t<script>\n\t\t\t\t\tvar htmlDivCss = unescape(\"%0A\");\n\t\t\t\t\tvar htmlDiv = document.getElementById('rs-plugin-settings-inline-css');\n\t\t\t\t\tif(htmlDiv) {\n\t\t\t\t\t\thtmlDiv.innerHTML = htmlDiv.innerHTML + htmlDivCss;\n\t\t\t\t\t}else{\n\t\t\t\t\t\tvar htmlDiv = document.createElement('div');\n\t\t\t\t\t\thtmlDiv.innerHTML = '<style>' + htmlDivCss + '<\/style>';\n\t\t\t\t\t\tdocument.getElementsByTagName('head')[0].appendChild(htmlDiv.childNodes[0]);\n\t\t\t\t\t}\n\t\t\t\t<\/script>\n\t\t\t<\/rs-module-wrap>\n\t\t\t<!-- END REVOLUTION SLIDER -->\n<\/div>\r\n\r\n\t\t\t\t<\/div>\n\t\t\t\t<\/div>\n\t\t\t\t\t<\/div>\n\t\t<\/div>\n\t\t\t\t\t\t\t<\/div>\n\t\t<\/section>\n\t\t\t\t<section class=\" elementor-section  e_lazy_bg elementor-top-section elementor-element elementor-element-e7042a9 elementor-section-full_width elementor-section-stretched elementor-section-height-default elementor-section-height-default\" data-id=\"e7042a9\" data-element_type=\"section\" data-settings=\"{&quot;stretch_section&quot;:&quot;section-stretched&quot;}\">\n\t\t\t\t\t\t<div class=\"elementor-container elementor-column-gap-default\"><div class=\"elementor-row\">\n\t\t\t\t\t<div class=\"elementor-column elementor-col-100 elementor-top-column elementor-element elementor-element-64439033\" data-id=\"64439033\" data-element_type=\"column\">\n\t\t\t<div class=\"elementor-widget-wrap elementor-element-populated\">\n\t\t\t\t\t\t\t\t<div class=\"elementor-element elementor-element-6a7357c4 elementor-widget elementor-widget-image\" data-id=\"6a7357c4\" data-element_type=\"widget\" data-widget_type=\"image.default\">\n\t\t\t\t<div class=\"elementor-widget-container\">\n\t\t\t\t\t\t\t\t\t\t\t\t\t\t\t<img width=\"1492\" height=\"110\" src=\"https:\/\/portaldaacorianidade.azores.gov.pt\/wp-content\/uploads\/2021\/09\/barra-3.png\" class=\"attachment-full size-full\" alt=\"Barra de separador\" loading=\"lazy\" srcset=\"https:\/\/portaldaacorianidade.azores.gov.pt\/wp-content\/uploads\/2021\/09\/barra-3.png 1492w, https:\/\/portaldaacorianidade.azores.gov.pt\/wp-content\/uploads\/2021\/09\/barra-3-300x22.png 300w, https:\/\/portaldaacorianidade.azores.gov.pt\/wp-content\/uploads\/2021\/09\/barra-3-1024x75.png 1024w, https:\/\/portaldaacorianidade.azores.gov.pt\/wp-content\/uploads\/2021\/09\/barra-3-768x57.png 768w\" sizes=\"(max-width: 1492px) 100vw, 1492px\" \/>\t\t\t\t\t\t\t\t\t\t\t\t\t\t\t<\/div>\n\t\t\t\t<\/div>\n\t\t\t\t\t<\/div>\n\t\t<\/div>\n\t\t\t\t\t\t\t<\/div>\n\t\t<\/section>\n\t\t<\/div>\t\t<section class=\" elementor-section  e_lazy_bg elementor-top-section elementor-element elementor-element-2d1a1c0 elementor-section-boxed elementor-section-height-default elementor-section-height-default\" data-id=\"2d1a1c0\" data-element_type=\"section\">\n\t\t\t\t\t\t<div class=\"elementor-container elementor-column-gap-no\">\n\t\t\t\t\t<div class=\"elementor-column elementor-col-100 elementor-top-column elementor-element elementor-element-6c84f0e5\" data-id=\"6c84f0e5\" data-element_type=\"column\">\n\t\t\t<div class=\"elementor-widget-wrap elementor-element-populated\">\n\t\t\t\t\t\t\t\t<div class=\"elementor-element elementor-element-4525a42 elementor-widget elementor-widget-heading\" data-id=\"4525a42\" data-element_type=\"widget\" data-widget_type=\"heading.default\">\n\t\t\t\t<div class=\"elementor-widget-container\">\n\t\t\t<h2 class=\"elementor-heading-title elementor-size-default\"><a href=\"https:\/\/portaldaacorianidade.azores.gov.pt\/en\/\/sites\">Portals<\/a><\/h2>\t\t<\/div>\n\t\t\t\t<\/div>\n\t\t\t\t<div class=\"elementor-element elementor-element-4d91d349 elementor-widget elementor-widget-e-do-shortcode\" data-id=\"4d91d349\" data-element_type=\"widget\" data-widget_type=\"e-do-shortcode.default\">\n\t\t\t\t<div class=\"elementor-widget-container\">\n\t\t\t<div class=\"elementor-container elementor-column-gap-default portais_dinamicos\">\n      <div class=\"elementor-column elementor-col-33 elementor-top-column elementor-element elementor-element-41c051c6\"\n        data-id=\"41c051c6\" data-element_type=\"column\">\n        <div class=\"elementor-widget-wrap elementor-element-populated\">\n          <section\n            class=\" elementor-section  e_lazy_bg elementor-inner-section elementor-element elementor-element-1b3b9596 elementor-section-boxed elementor-section-height-default elementor-section-height-default\"\n            data-id=\"1b3b9596\" data-element_type=\"section\">\n            <div class=\"elementor-container elementor-column-gap-default\">\n              <div\n                class=\"elementor-column elementor-col-100 elementor-inner-column elementor-element elementor-element-72b49ad3\"\n                data-id=\"72b49ad3\" data-element_type=\"column\">\n                <div class=\"elementor-widget-wrap elementor-element-populated\">\n                  <div\n                    class=\"elementor-element elementor-element-127e8166 elementor-widget elementor-widget-e_image_hover_effects\"\n                    data-id=\"127e8166\" data-element_type=\"widget\" data-widget_type=\"e_image_hover_effects.default\"><div class=\"elementor-widget-container\">\n          <a href=\"http:\/\/casasdosacores.org\/\" target=\"_blank\">\n            <div class=\"eihe-box eihe-fade eihe_center\">\n              <img width=\"650\" height=\"1282\" alt=\"Imagem de Portal\"\n                src=\"https:\/\/portaldaacorianidade.azores.gov.pt\/wp-content\/uploads\/2021\/09\/casas-dos-ac\u0327ores-9-650x1282.png\"\n                class=\"\"\n                alt=\"\" loading=\"lazy\">\n              <div class=\"eihe-caption\">\n                <div class=\"eihe-title-cover\">\n                  <h5 class=\"eihe-title\">PORTAL OF WORLD COUNCIL OF HOUSES OF AZORES<\/h5>\n                <\/div>\n                <p>Visitar a p\u00e1gina<\/p>\n              <\/div>\n            <\/div>\n          <\/a>\n        <\/div><\/div>\n              <\/div>\n            <\/div>\n          <\/div>\n        <\/section>\n      <\/div>\n    <\/div>\n    <div class=\"elementor-column elementor-col-33 elementor-top-column elementor-element elementor-element-20f21b9\"\n      data-id=\"20f21b9\" data-element_type=\"column\">\n      <div class=\"elementor-widget-wrap elementor-element-populated\">\n        <section\n          class=\" elementor-section  e_lazy_bg elementor-inner-section elementor-element elementor-element-6f4d799a elementor-section-boxed elementor-section-height-default elementor-section-height-default\"\n          data-id=\"6f4d799a\" data-element_type=\"section\">\n          <div class=\"elementor-container elementor-column-gap-default\">\n            <div\n              class=\"elementor-column elementor-col-100 elementor-inner-column elementor-element elementor-element-5a62c4c8\"\n              data-id=\"5a62c4c8\" data-element_type=\"column\">\n              <div class=\"elementor-widget-wrap elementor-element-populated\">\n                <div\n                  class=\"elementor-element elementor-element-b15f11f elementor-widget elementor-widget-e_image_hover_effects\"\n                  data-id=\"b15f11f\" data-element_type=\"widget\" data-widget_type=\"e_image_hover_effects.default\"><div class=\"elementor-widget-container\">\n        <a href=\"https:\/\/ccbibliotecas.azores.gov.pt\/cgi-bin\/koha\/opac-search.pl?&limit=branch%3ACDDRC&sort_by=relevance_az&limit=holdingbranch:CDDRC\" target=\"_blank\">\n          <div class=\"eihe-box eihe-fade eihe_center\">\n            <img width=\"650\" height=\"650\" alt=\"Imagem de Portal\"\n              src=\"https:\/\/portaldaacorianidade.azores.gov.pt\/wp-content\/uploads\/2021\/09\/CatalogoColetivo-650x650.png\"\n              class=\"\"\n              alt=\"\" loading=\"lazy\">\n            <div class=\"eihe-caption\">\n              <div class=\"eihe-title-cover\">\n                <h3 class=\"eihe-title\">DIGITAL CATALOG OF THE GENERAL BIBLIOGRAPHY OF THE AZOREAN DIASPORA<\/h3>\n              <\/div>\n              <p>Visitar a p\u00e1gina<\/p>\n            <\/div>\n          <\/div>\n        <\/a>\n      <\/div><\/div>\n              <\/div>\n            <\/div>\n          <\/div>\n        <\/section>\n        <section\n          class=\" elementor-section  e_lazy_bg elementor-inner-section elementor-element elementor-element-6c0ab963 elementor-section-boxed elementor-section-height-default elementor-section-height-default\"\n          data-id=\"6c0ab963\" data-element_type=\"section\">\n          <div class=\"elementor-container elementor-column-gap-default\">\n            <div\n              class=\"elementor-column elementor-col-100 elementor-inner-column elementor-element elementor-element-40e4ea5c\"\n              data-id=\"40e4ea5c\" data-element_type=\"column\">\n              <div class=\"elementor-widget-wrap elementor-element-populated\">\n                <div\n                  class=\"elementor-element elementor-element-7a7eca20 elementor-widget elementor-widget-e_image_hover_effects\"\n                  data-id=\"7a7eca20\" data-element_type=\"widget\" data-widget_type=\"e_image_hover_effects.default\"><div class=\"elementor-widget-container\">\n        <a href=\"http:\/\/folcloreazores.com\/\" target=\"_blank\">\n          <div class=\"eihe-box eihe-fade eihe_center\">\n            <img width=\"650\" height=\"650\" alt=\"Imagem de Portal\"\n              src=\"https:\/\/portaldaacorianidade.azores.gov.pt\/wp-content\/uploads\/2021\/09\/folclore-650x650.png\"\n              class=\"\"\n              alt=\"\" loading=\"lazy\">\n            <div class=\"eihe-caption\">\n              <div class=\"eihe-title-cover\">\n                <h3 class=\"eihe-title\">GUIDE TO THE FOLKLORE GROUPS OF THE AZORES AND THE COMMUNITIES<\/h3>\n              <\/div>\n              <p>Visitar a p\u00e1gina<\/p>\n            <\/div>\n          <\/div>\n        <\/a>\n      <\/div><\/div>\n              <\/div>\n            <\/div>\n          <\/div>\n        <\/section>\n      <\/div>\n    <\/div>\n    <div class=\"elementor-column elementor-col-33 elementor-top-column elementor-element elementor-element-67e21ba2\"\n      data-id=\"67e21ba2\" data-element_type=\"column\">\n      <div class=\"elementor-widget-wrap elementor-element-populated\">\n        <section\n          class=\" elementor-section  e_lazy_bg elementor-inner-section elementor-element elementor-element-72e6e11f elementor-section-boxed elementor-section-height-default elementor-section-height-default\"\n          data-id=\"72e6e11f\" data-element_type=\"section\">\n          <div class=\"elementor-container elementor-column-gap-default\">\n            <div\n              class=\"elementor-column elementor-col-50 elementor-inner-column elementor-element elementor-element-6c999d10\"\n              data-id=\"6c999d10\" data-element_type=\"column\">\n              <div class=\"elementor-widget-wrap elementor-element-populated\">\n                <div\n                  class=\"elementor-element elementor-element-4210d6b1 elementor-widget elementor-widget-e_image_hover_effects\"\n                  data-id=\"4210d6b1\" data-element_type=\"widget\" data-widget_type=\"e_image_hover_effects.default\"><div class=\"elementor-widget-container\">\n        <a href=\"https:\/\/comunidadesacorianas.azores.gov.pt\" target=\"_blank\">\n          <div class=\"eihe-box eihe-fade eihe_center\">\n            <img width=\"650\" height=\"650\" alt=\"Imagem de Portal\"\n              src=\"https:\/\/portaldaacorianidade.azores.gov.pt\/wp-content\/uploads\/2021\/09\/1200px-Flag_of_the_Azores.svg-650x650.png\"\n              class=\"\"\n              alt=\"\" loading=\"lazy\">\n            <div class=\"eihe-caption\">\n              <div class=\"eihe-title-cover\">\n                <h3 class=\"eihe-title\">AZOREAN COMMUNITIES<\/h3>\n              <\/div>\n              <p>Visitar a p\u00e1gina<\/p>\n            <\/div>\n          <\/div>\n        <\/a>\n      <\/div><\/div>\n              <\/div>\n            <\/div>\n            <div\n              class=\"elementor-column elementor-col-50 elementor-inner-column elementor-element elementor-element-520f3a4d\"\n              data-id=\"520f3a4d\" data-element_type=\"column\">\n              <div class=\"elementor-widget-wrap elementor-element-populated\">\n                <div\n                  class=\"elementor-element elementor-element-294755cf elementor-widget elementor-widget-e_image_hover_effects\"\n                  data-id=\"294755cf\" data-element_type=\"widget\" data-widget_type=\"e_image_hover_effects.default\"><div class=\"elementor-widget-container\">\n        <a href=\"\" target=\"_blank\">\n          <div class=\"eihe-box eihe-fade eihe_center\">\n            <img width=\"650\" height=\"650\" alt=\"Imagem de Portal\"\n              src=\"https:\/\/portaldaacorianidade.azores.gov.pt\/wp-content\/uploads\/2021\/09\/1200px-Flag_of_the_Azores.svg-650x650.png\"\n              class=\"\"\n              alt=\"\" loading=\"lazy\">\n            <div class=\"eihe-caption\">\n              <div class=\"eihe-title-cover\">\n                <h3 class=\"eihe-title\">VIRTUAL VISIT TO THE COLLECTION OF MEMORIES OF THE REGIONAL DIRECTORATE FOR COMMUNITIES<\/h3>\n              <\/div>\n              <p>Visitar a p\u00e1gina<\/p>\n            <\/div>\n          <\/div>\n        <\/a>\n      <\/div><\/div>\n              <\/div>\n            <\/div>\n          <\/div>\n        <\/section>\n        <section\n          class=\" elementor-section  e_lazy_bg elementor-inner-section elementor-element elementor-element-5981f861 elementor-section-content-top elementor-section-boxed elementor-section-height-default elementor-section-height-default\"\n          data-id=\"5981f861\" data-element_type=\"section\">\n          <div class=\"elementor-container elementor-column-gap-default\">\n            <div\n              class=\"elementor-column elementor-col-100 elementor-inner-column elementor-element elementor-element-235f2ad4\"\n              data-id=\"235f2ad4\" data-element_type=\"column\">\n              <div class=\"elementor-widget-wrap elementor-element-populated\">\n                <div\n                  class=\"elementor-element elementor-element-3ae094c7 elementor-widget elementor-widget-e_image_hover_effects\"\n                  data-id=\"3ae094c7\" data-element_type=\"widget\" data-widget_type=\"e_image_hover_effects.default\"><div class=\"elementor-widget-container\">\n        <a href=\"https:\/\/acorianosnomundo.azores.gov.pt\/\" target=\"_blank\">\n          <div class=\"eihe-box eihe-fade eihe_center\">\n            <img width=\"1300\" height=\"842\" alt=\"Imagem de Portal\"\n              src=\"https:\/\/portaldaacorianidade.azores.gov.pt\/wp-content\/uploads\/2021\/09\/ac\u0327oreanos-no-mundo-1300x842.png\"\n              class=\"\"\n              alt=\"\" loading=\"lazy\">\n            <div class=\"eihe-caption\">\n              <div class=\"eihe-title-cover\">\n                <h3 class=\"eihe-title\">AZOREANS IN THE WORLD<\/h3>\n              <\/div>\n              <p>Visitar a p\u00e1gina<\/p>\n            <\/div>\n          <\/div>\n        <\/a>\n      <\/div><\/div>\n              <\/div>\n            <\/div>\n          <\/div>\n        <\/section>\n      <\/div>\n    <\/div>\n  <\/div>\t\t<\/div>\n\t\t\t\t<\/div>\n\t\t\t\t<div class=\"elementor-element elementor-element-0b2a482 elementor-align-center elementor-mobile-align-center elementor-widget elementor-widget-button\" data-id=\"0b2a482\" data-element_type=\"widget\" data-widget_type=\"button.default\">\n\t\t\t\t<div class=\"elementor-widget-container\">\n\t\t\t\t\t<div class=\"elementor-button-wrapper\">\n\t\t\t<a href=\"https:\/\/portaldaacorianidade.azores.gov.pt\/en\/\/sites\" class=\"elementor-button-link elementor-button elementor-size-sm\" role=\"button\">\n\t\t\t\t\t\t<span class=\"elementor-button-content-wrapper\">\n\t\t\t\t\t\t<span class=\"elementor-button-text\">View all portals<\/span>\n\t\t<\/span>\n\t\t\t\t\t<\/a>\n\t\t<\/div>\n\t\t\t\t<\/div>\n\t\t\t\t<\/div>\n\t\t\t\t\t<\/div>\n\t\t<\/div>\n\t\t\t\t\t\t\t<\/div>\n\t\t<\/section>\n\t\t\t\t<section class=\" elementor-section  e_lazy_bg elementor-top-section elementor-element elementor-element-3c246b5 elementor-hidden-desktop elementor-hidden-laptop elementor-hidden-tablet_extra elementor-hidden-tablet elementor-hidden-mobile_extra elementor-hidden-mobile elementor-section-boxed elementor-section-height-default elementor-section-height-default\" data-id=\"3c246b5\" data-element_type=\"section\">\n\t\t\t\t\t\t<div class=\"elementor-container elementor-column-gap-default\">\n\t\t\t\t\t<div class=\"elementor-column elementor-col-100 elementor-top-column elementor-element elementor-element-07bc97b\" data-id=\"07bc97b\" data-element_type=\"column\">\n\t\t\t<div class=\"elementor-widget-wrap elementor-element-populated\">\n\t\t\t\t\t\t\t\t<div class=\"elementor-element elementor-element-e25cc8c elementor-widget elementor-widget-heading\" data-id=\"e25cc8c\" data-element_type=\"widget\" data-widget_type=\"heading.default\">\n\t\t\t\t<div class=\"elementor-widget-container\">\n\t\t\t<h2 class=\"elementor-heading-title elementor-size-default\"><a href=\"https:\/\/portaldaacorianidade.azores.gov.pt\/en\/\/sites\">Portals<\/a><\/h2>\t\t<\/div>\n\t\t\t\t<\/div>\n\t\t\t\t<div class=\"elementor-element elementor-element-18b7ec4 e-add-posts-layout-float e-add-hovertexteffect-fade e-add-align-center e-add-carousel-effect-slide e-add-carousel-direction-horizontal hoveranim-yes elementor-widget elementor-widget-e-query-posts\" data-id=\"18b7ec4\" data-element_type=\"widget\" data-settings=\"{&quot;carousel_slidesPerView&quot;:3,&quot;carousel_slidesPerView_tablet&quot;:2,&quot;carousel_slidesPerView_mobile&quot;:1,&quot;carousel_useAutoplay&quot;:&quot;yes&quot;,&quot;carousel_freeMode&quot;:&quot;yes&quot;,&quot;carousel_spaceBetween&quot;:20,&quot;carousel_spaceBetween_tablet&quot;:20,&quot;carousel_slidesColumn_tablet&quot;:2,&quot;carousel_slidesColumn_mobile&quot;:1,&quot;carousel_speed_slider&quot;:300,&quot;carousel_effects&quot;:&quot;slide&quot;,&quot;carousel_direction_slider&quot;:&quot;horizontal&quot;,&quot;carousel_slidesPerGroup&quot;:1,&quot;carousel_slidesColumn&quot;:&quot;1&quot;,&quot;carousel_useNavigation&quot;:&quot;yes&quot;,&quot;carousel_autoplay&quot;:&quot;4000&quot;,&quot;carousel_autoplayDisableOnInteraction&quot;:&quot;yes&quot;,&quot;carousel_freeModeMinimumVelocity&quot;:0.02,&quot;carousel_slidesOffsetBefore&quot;:0,&quot;carousel_slidesOffsetAfter&quot;:0,&quot;carousel_slidesPerColumnFill&quot;:&quot;row&quot;,&quot;carousel_watchOverflow&quot;:&quot;yes&quot;}\" data-widget_type=\"e-query-posts.carousel\">\n\t\t\t\t<div class=\"elementor-widget-container\">\n\t\t\t        <div class=\"e-add-carousel-container\">        <div class=\"e-add-posts-container e-add-posts  swiper-container e-add-skin-carousel\">\n                    <div class=\"e-add-posts-wrapper swiper-wrapper e-add-wrapper-carousel\">\n                    <article class=\"e-add-post e-add-post-item e-add-post-item-18b7ec4 swiper-slide e-add-item-carousel post-3150 sites type-sites status-publish has-post-thumbnail hentry\" data-post-id=\"3150\" data-post-index=\"0\">\n                        <div class=\"e-add-post-block e-add-post-block-0 e-add-hover-effects\">\n\n        <div class=\"e-add-image-area e-add-item-area\"><div class=\"e-add-item e-add-item_image elementor-repeater-item-242c587\" data-item-id=\"242c587\"><a class=\"e-add-post-image\" href=\"https:\/\/ccbibliotecas.azores.gov.pt\/cgi-bin\/koha\/opac-search.pl?&limit=branch%3ACDDRC&sort_by=relevance_az&limit=holdingbranch:CDDRC\" target=\"_blank\"><figure class=\"e-add-img\"><img width=\"1251\" height=\"802\" src=\"https:\/\/portaldaacorianidade.azores.gov.pt\/wp-content\/uploads\/2021\/09\/CatalogoColetivo.png\" class=\"\" alt=\"Bibliografia da Di\u00e1spora\" loading=\"lazy\" srcset=\"https:\/\/portaldaacorianidade.azores.gov.pt\/wp-content\/uploads\/2021\/09\/CatalogoColetivo.png 1251w, https:\/\/portaldaacorianidade.azores.gov.pt\/wp-content\/uploads\/2021\/09\/CatalogoColetivo-300x192.png 300w, https:\/\/portaldaacorianidade.azores.gov.pt\/wp-content\/uploads\/2021\/09\/CatalogoColetivo-1024x656.png 1024w, https:\/\/portaldaacorianidade.azores.gov.pt\/wp-content\/uploads\/2021\/09\/CatalogoColetivo-768x492.png 768w\" sizes=\"(max-width: 1251px) 100vw, 1251px\" \/><\/figure><\/a><\/div><\/div><div class=\"e-add-hover-effect-fade e-add-hover-effect-content e-add-close\"><div class=\"e-add-content-area e-add-item-area\"><div class=\"e-add-item e-add-item_image elementor-repeater-item-242c587\" data-item-id=\"242c587\"><\/div><div class=\"e-add-item e-add-item_title elementor-repeater-item-ab11dd2\" data-item-id=\"ab11dd2\"><h3 class=\"e-add-post-title\">        <a href=\"https:\/\/portaldaacorianidade.azores.gov.pt\/en\/sites\/catalogo-digital-da-bibliografia-geral-da-diaspota-acoriana\/\">DIGITAL CATALOG OF THE GENERAL BIBLIOGRAPHY OF THE AZOREAN DIASPORA        <\/a>        <\/h3>        <\/div><div class=\"e-add-item e-add-item_label elementor-repeater-item-e07b291\" data-item-id=\"e07b291\"><a class=\"e-add-labelstatic\" href=\"https:\/\/portaldaacorianidade.azores.gov.pt\/en\/sites\/catalogo-digital-da-bibliografia-geral-da-diaspota-acoriana\/\">Visitar P\u00e1gina<\/a><\/div><\/div><\/div>            <\/div>\n                    <\/article>\n                <article class=\"e-add-post e-add-post-item e-add-post-item-18b7ec4 swiper-slide e-add-item-carousel post-3127 sites type-sites status-publish has-post-thumbnail hentry\" data-post-id=\"3127\" data-post-index=\"1\">\n                        <div class=\"e-add-post-block e-add-post-block-1 e-add-hover-effects\">\n\n        <div class=\"e-add-image-area e-add-item-area\"><div class=\"e-add-item e-add-item_image elementor-repeater-item-242c587\" data-item-id=\"242c587\"><a class=\"e-add-post-image\" href=\"https:\/\/acorianosnomundo.azores.gov.pt\/\" target=\"_blank\"><figure class=\"e-add-img\"><img width=\"1300\" height=\"842\" src=\"https:\/\/portaldaacorianidade.azores.gov.pt\/wp-content\/uploads\/2021\/09\/ac\u0327oreanos-no-mundo-1300x842.png\" class=\"\" alt=\"A\u00e7orianos no Mundo\" loading=\"lazy\" \/><\/figure><\/a><\/div><\/div><div class=\"e-add-hover-effect-fade e-add-hover-effect-content e-add-close\"><div class=\"e-add-content-area e-add-item-area\"><div class=\"e-add-item e-add-item_image elementor-repeater-item-242c587\" data-item-id=\"242c587\"><\/div><div class=\"e-add-item e-add-item_title elementor-repeater-item-ab11dd2\" data-item-id=\"ab11dd2\"><h3 class=\"e-add-post-title\">        <a href=\"https:\/\/portaldaacorianidade.azores.gov.pt\/en\/sites\/acorianosnomundo\/\">AZOREANS IN THE WORLD        <\/a>        <\/h3>        <\/div><div class=\"e-add-item e-add-item_label elementor-repeater-item-e07b291\" data-item-id=\"e07b291\"><a class=\"e-add-labelstatic\" href=\"https:\/\/portaldaacorianidade.azores.gov.pt\/en\/sites\/acorianosnomundo\/\">Visitar P\u00e1gina<\/a><\/div><\/div><\/div>            <\/div>\n                    <\/article>\n                <article class=\"e-add-post e-add-post-item e-add-post-item-18b7ec4 swiper-slide e-add-item-carousel post-3129 sites type-sites status-publish has-post-thumbnail hentry\" data-post-id=\"3129\" data-post-index=\"2\">\n                        <div class=\"e-add-post-block e-add-post-block-2 e-add-hover-effects\">\n\n        <div class=\"e-add-image-area e-add-item-area\"><div class=\"e-add-item e-add-item_image elementor-repeater-item-242c587\" data-item-id=\"242c587\"><a class=\"e-add-post-image\" href=\"http:\/\/casasdosacores.org\/\" target=\"_blank\"><figure class=\"e-add-img\"><img width=\"1300\" height=\"842\" src=\"https:\/\/portaldaacorianidade.azores.gov.pt\/wp-content\/uploads\/2021\/09\/casas-dos-ac\u0327ores-9-1300x842.png\" class=\"\" alt=\"Casas dos A\u00e7ores\" loading=\"lazy\" \/><\/figure><\/a><\/div><\/div><div class=\"e-add-hover-effect-fade e-add-hover-effect-content e-add-close\"><div class=\"e-add-content-area e-add-item-area\"><div class=\"e-add-item e-add-item_image elementor-repeater-item-242c587\" data-item-id=\"242c587\"><\/div><div class=\"e-add-item e-add-item_title elementor-repeater-item-ab11dd2\" data-item-id=\"ab11dd2\"><h3 class=\"e-add-post-title\">        <a href=\"https:\/\/portaldaacorianidade.azores.gov.pt\/en\/sites\/casasdosacores\/\">PORTAL OF WORLD COUNCIL OF HOUSES OF AZORES        <\/a>        <\/h3>        <\/div><div class=\"e-add-item e-add-item_label elementor-repeater-item-e07b291\" data-item-id=\"e07b291\"><a class=\"e-add-labelstatic\" href=\"https:\/\/portaldaacorianidade.azores.gov.pt\/en\/sites\/casasdosacores\/\">Visitar P\u00e1gina<\/a><\/div><\/div><\/div>            <\/div>\n                    <\/article>\n                <article class=\"e-add-post e-add-post-item e-add-post-item-18b7ec4 swiper-slide e-add-item-carousel post-3146 sites type-sites status-publish has-post-thumbnail hentry\" data-post-id=\"3146\" data-post-index=\"3\">\n                        <div class=\"e-add-post-block e-add-post-block-3 e-add-hover-effects\">\n\n        <div class=\"e-add-image-area e-add-item-area\"><div class=\"e-add-item e-add-item_image elementor-repeater-item-242c587\" data-item-id=\"242c587\"><a class=\"e-add-post-image\" href=\"https:\/\/comunidadesacorianas.azores.gov.pt\" target=\"_blank\"><figure class=\"e-add-img\"><img width=\"1200\" height=\"800\" src=\"https:\/\/portaldaacorianidade.azores.gov.pt\/wp-content\/uploads\/2021\/09\/1200px-Flag_of_the_Azores.svg.png\" class=\"\" alt=\"Bandeira dos A\u00e7ores\" loading=\"lazy\" srcset=\"https:\/\/portaldaacorianidade.azores.gov.pt\/wp-content\/uploads\/2021\/09\/1200px-Flag_of_the_Azores.svg.png 1200w, https:\/\/portaldaacorianidade.azores.gov.pt\/wp-content\/uploads\/2021\/09\/1200px-Flag_of_the_Azores.svg-300x200.png 300w, https:\/\/portaldaacorianidade.azores.gov.pt\/wp-content\/uploads\/2021\/09\/1200px-Flag_of_the_Azores.svg-1024x683.png 1024w, https:\/\/portaldaacorianidade.azores.gov.pt\/wp-content\/uploads\/2021\/09\/1200px-Flag_of_the_Azores.svg-768x512.png 768w\" sizes=\"(max-width: 1200px) 100vw, 1200px\" \/><\/figure><\/a><\/div><\/div><div class=\"e-add-hover-effect-fade e-add-hover-effect-content e-add-close\"><div class=\"e-add-content-area e-add-item-area\"><div class=\"e-add-item e-add-item_image elementor-repeater-item-242c587\" data-item-id=\"242c587\"><\/div><div class=\"e-add-item e-add-item_title elementor-repeater-item-ab11dd2\" data-item-id=\"ab11dd2\"><h3 class=\"e-add-post-title\">        <a href=\"https:\/\/portaldaacorianidade.azores.gov.pt\/en\/sites\/comunidades-acorianas\/\">AZOREAN COMMUNITIES        <\/a>        <\/h3>        <\/div><div class=\"e-add-item e-add-item_label elementor-repeater-item-e07b291\" data-item-id=\"e07b291\"><a class=\"e-add-labelstatic\" href=\"https:\/\/portaldaacorianidade.azores.gov.pt\/en\/sites\/comunidades-acorianas\/\">Visitar P\u00e1gina<\/a><\/div><\/div><\/div>            <\/div>\n                    <\/article>\n                <article class=\"e-add-post e-add-post-item e-add-post-item-18b7ec4 swiper-slide e-add-item-carousel post-3131 sites type-sites status-publish has-post-thumbnail hentry\" data-post-id=\"3131\" data-post-index=\"4\">\n                        <div class=\"e-add-post-block e-add-post-block-4 e-add-hover-effects\">\n\n        <div class=\"e-add-image-area e-add-item-area\"><div class=\"e-add-item e-add-item_image elementor-repeater-item-242c587\" data-item-id=\"242c587\"><a class=\"e-add-post-image\" href=\"http:\/\/roteirodesazores.com\/\" target=\"_blank\"><figure class=\"e-add-img\"><img width=\"1300\" height=\"842\" src=\"https:\/\/portaldaacorianidade.azores.gov.pt\/wp-content\/uploads\/2021\/09\/roteiro-das-festas-espirito-santo-1300x842.png\" class=\"\" alt=\"Roteiro das Festas do Divino Esp\u00edrito Santos A\u00e7ores \/ Comunidades\" loading=\"lazy\" \/><\/figure><\/a><\/div><\/div><div class=\"e-add-hover-effect-fade e-add-hover-effect-content e-add-close\"><div class=\"e-add-content-area e-add-item-area\"><div class=\"e-add-item e-add-item_image elementor-repeater-item-242c587\" data-item-id=\"242c587\"><\/div><div class=\"e-add-item e-add-item_title elementor-repeater-item-ab11dd2\" data-item-id=\"ab11dd2\"><h3 class=\"e-add-post-title\">        <a href=\"https:\/\/portaldaacorianidade.azores.gov.pt\/en\/sites\/roteirodesazores\/\">GUIDE TO THE HOLY SPIRIT FESTIVITIES IN THE AZORES AND THE COMMUNITIES        <\/a>        <\/h3>        <\/div><div class=\"e-add-item e-add-item_label elementor-repeater-item-e07b291\" data-item-id=\"e07b291\"><a class=\"e-add-labelstatic\" href=\"https:\/\/portaldaacorianidade.azores.gov.pt\/en\/sites\/roteirodesazores\/\">Visitar P\u00e1gina<\/a><\/div><\/div><\/div>            <\/div>\n                    <\/article>\n                <article class=\"e-add-post e-add-post-item e-add-post-item-18b7ec4 swiper-slide e-add-item-carousel post-3132 sites type-sites status-publish has-post-thumbnail hentry\" data-post-id=\"3132\" data-post-index=\"5\">\n                        <div class=\"e-add-post-block e-add-post-block-5 e-add-hover-effects\">\n\n        <div class=\"e-add-image-area e-add-item-area\"><div class=\"e-add-item e-add-item_image elementor-repeater-item-242c587\" data-item-id=\"242c587\"><a class=\"e-add-post-image\" href=\"http:\/\/filarmonicasazores.com\/\" target=\"_blank\"><figure class=\"e-add-img\"><img width=\"1300\" height=\"842\" src=\"https:\/\/portaldaacorianidade.azores.gov.pt\/wp-content\/uploads\/2021\/09\/filarmonicas-1300x842.png\" class=\"\" alt=\"Roteiro das Bandas Filarm\u00f3nicas dos A\u00e7ores \/ Comunidades\" loading=\"lazy\" \/><\/figure><\/a><\/div><\/div><div class=\"e-add-hover-effect-fade e-add-hover-effect-content e-add-close\"><div class=\"e-add-content-area e-add-item-area\"><div class=\"e-add-item e-add-item_image elementor-repeater-item-242c587\" data-item-id=\"242c587\"><\/div><div class=\"e-add-item e-add-item_title elementor-repeater-item-ab11dd2\" data-item-id=\"ab11dd2\"><h3 class=\"e-add-post-title\">        <a href=\"https:\/\/portaldaacorianidade.azores.gov.pt\/en\/sites\/filarmonicasazores\/\">GUIDE OF THE PHILHARMONIC BANDS OF THE AZORES AND THE COMMUNITIES        <\/a>        <\/h3>        <\/div><div class=\"e-add-item e-add-item_label elementor-repeater-item-e07b291\" data-item-id=\"e07b291\"><a class=\"e-add-labelstatic\" href=\"https:\/\/portaldaacorianidade.azores.gov.pt\/en\/sites\/filarmonicasazores\/\">Visitar P\u00e1gina<\/a><\/div><\/div><\/div>            <\/div>\n                    <\/article>\n                <article class=\"e-add-post e-add-post-item e-add-post-item-18b7ec4 swiper-slide e-add-item-carousel post-3133 sites type-sites status-publish has-post-thumbnail hentry\" data-post-id=\"3133\" data-post-index=\"6\">\n                        <div class=\"e-add-post-block e-add-post-block-6 e-add-hover-effects\">\n\n        <div class=\"e-add-image-area e-add-item-area\"><div class=\"e-add-item e-add-item_image elementor-repeater-item-242c587\" data-item-id=\"242c587\"><a class=\"e-add-post-image\" href=\"http:\/\/folcloreazores.com\/\" target=\"_blank\"><figure class=\"e-add-img\"><img width=\"1300\" height=\"798\" src=\"https:\/\/portaldaacorianidade.azores.gov.pt\/wp-content\/uploads\/2021\/09\/folclore-1300x798.png\" class=\"\" alt=\"Roteiro dos Grupos Folcl\u00f3ricos dos A\u00e7ores \/ Comunidades\" loading=\"lazy\" \/><\/figure><\/a><\/div><\/div><div class=\"e-add-hover-effect-fade e-add-hover-effect-content e-add-close\"><div class=\"e-add-content-area e-add-item-area\"><div class=\"e-add-item e-add-item_image elementor-repeater-item-242c587\" data-item-id=\"242c587\"><\/div><div class=\"e-add-item e-add-item_title elementor-repeater-item-ab11dd2\" data-item-id=\"ab11dd2\"><h3 class=\"e-add-post-title\">        <a href=\"https:\/\/portaldaacorianidade.azores.gov.pt\/en\/sites\/folcloreazores\/\">GUIDE TO THE FOLKLORE GROUPS OF THE AZORES AND THE COMMUNITIES        <\/a>        <\/h3>        <\/div><div class=\"e-add-item e-add-item_label elementor-repeater-item-e07b291\" data-item-id=\"e07b291\"><a class=\"e-add-labelstatic\" href=\"https:\/\/portaldaacorianidade.azores.gov.pt\/en\/sites\/folcloreazores\/\">Visitar P\u00e1gina<\/a><\/div><\/div><\/div>            <\/div>\n                    <\/article>\n                <article class=\"e-add-post e-add-post-item e-add-post-item-18b7ec4 swiper-slide e-add-item-carousel post-3147 sites type-sites status-publish has-post-thumbnail hentry\" data-post-id=\"3147\" data-post-index=\"7\">\n                        <div class=\"e-add-post-block e-add-post-block-7 e-add-hover-effects\">\n\n        <div class=\"e-add-image-area e-add-item-area\"><div class=\"e-add-item e-add-item_image elementor-repeater-item-242c587\" data-item-id=\"242c587\"><div class=\"e-add-post-image\"><figure class=\"e-add-img\"><img width=\"1200\" height=\"800\" src=\"https:\/\/portaldaacorianidade.azores.gov.pt\/wp-content\/uploads\/2021\/09\/1200px-Flag_of_the_Azores.svg.png\" class=\"\" alt=\"Bandeira dos A\u00e7ores\" loading=\"lazy\" srcset=\"https:\/\/portaldaacorianidade.azores.gov.pt\/wp-content\/uploads\/2021\/09\/1200px-Flag_of_the_Azores.svg.png 1200w, https:\/\/portaldaacorianidade.azores.gov.pt\/wp-content\/uploads\/2021\/09\/1200px-Flag_of_the_Azores.svg-300x200.png 300w, https:\/\/portaldaacorianidade.azores.gov.pt\/wp-content\/uploads\/2021\/09\/1200px-Flag_of_the_Azores.svg-1024x683.png 1024w, https:\/\/portaldaacorianidade.azores.gov.pt\/wp-content\/uploads\/2021\/09\/1200px-Flag_of_the_Azores.svg-768x512.png 768w\" sizes=\"(max-width: 1200px) 100vw, 1200px\" \/><\/figure><\/div><\/div><\/div><div class=\"e-add-hover-effect-fade e-add-hover-effect-content e-add-close\"><div class=\"e-add-content-area e-add-item-area\"><div class=\"e-add-item e-add-item_image elementor-repeater-item-242c587\" data-item-id=\"242c587\"><\/div><div class=\"e-add-item e-add-item_title elementor-repeater-item-ab11dd2\" data-item-id=\"ab11dd2\"><h3 class=\"e-add-post-title\">        <a href=\"https:\/\/portaldaacorianidade.azores.gov.pt\/en\/sites\/visitavirtual\/\">VIRTUAL VISIT TO THE COLLECTION OF MEMORIES OF THE REGIONAL DIRECTORATE FOR COMMUNITIES        <\/a>        <\/h3>        <\/div><div class=\"e-add-item e-add-item_label elementor-repeater-item-e07b291\" data-item-id=\"e07b291\"><a class=\"e-add-labelstatic\" href=\"https:\/\/portaldaacorianidade.azores.gov.pt\/en\/sites\/visitavirtual\/\">Visitar P\u00e1gina<\/a><\/div><\/div><\/div>            <\/div>\n                    <\/article>\n                    <\/div>\n                        <\/div>\n            <div class=\"e-add-carousel-controls\" data-post-id=\"3147\"><div class=\"e-add-container-navigation swiper-container-horizontal\"><div class=\"swiper-button-prev prev-18b7ec4-3147 e-add-navigation-circle\"><div class=\"arrow-wrap e-add-cards-touch-button\">\n            <svg x=\"0px\" y=\"0px\" width=\"80px\" height=\"80px\" xml:space=\"preserve\">\n            <polyline fill=\"none\" stroke=\"#ff0000\" stroke-width=\"1\" stroke-dasharray=\"0,0\" points=\"40,80 0,40 40,0 \"\/>\n            <line fill=\"none\" stroke=\"#ff0000\" stroke-width=\"1\" stroke-dasharray=\"0,0\" x1=\"0\" y1=\"40\" x2=\"80\" y2=\"40\"\/>\n            <\/svg>\n            <\/div><\/div><div class=\"swiper-button-next next-18b7ec4-3147 e-add-navigation-circle\"><div class=\"arrow-wrap e-add-cards-touch-button\">\n            <svg x=\"0px\" y=\"0px\" width=\"80px\" height=\"80px\" xml:space=\"preserve\">\n                <polyline fill=\"none\" stroke=\"#ff0000\" stroke-width=\"1\" points=\"40,80 80,40 40,0\"\/>\n                <line fill=\"none\" stroke=\"#ff0000\" stroke-width=\"1\" stroke-dasharray=\"0,0\" x1=\"80\" y1=\"40\" x2=\"0\" y2=\"40\"\/>\n            <\/svg>\n            <\/div><\/div><\/div><\/div><\/div>            \t\t<\/div>\n\t\t\t\t<\/div>\n\t\t\t\t<div class=\"elementor-element elementor-element-e313cf8 elementor-align-center elementor-mobile-align-center elementor-widget elementor-widget-button\" data-id=\"e313cf8\" data-element_type=\"widget\" data-widget_type=\"button.default\">\n\t\t\t\t<div class=\"elementor-widget-container\">\n\t\t\t\t\t<div class=\"elementor-button-wrapper\">\n\t\t\t<a href=\"https:\/\/portaldaacorianidade.azores.gov.pt\/en\/\/sites\" class=\"elementor-button-link elementor-button elementor-size-sm\" role=\"button\">\n\t\t\t\t\t\t<span class=\"elementor-button-content-wrapper\">\n\t\t\t\t\t\t<span class=\"elementor-button-text\">View all portals<\/span>\n\t\t<\/span>\n\t\t\t\t\t<\/a>\n\t\t<\/div>\n\t\t\t\t<\/div>\n\t\t\t\t<\/div>\n\t\t\t\t\t<\/div>\n\t\t<\/div>\n\t\t\t\t\t\t\t<\/div>\n\t\t<\/section>\n\t\t\t\t<section class=\" elementor-section  e_lazy_bg elementor-top-section elementor-element elementor-element-57fbdc2a elementor-section-full_width noticias elementor-section-height-default elementor-section-height-default\" data-id=\"57fbdc2a\" data-element_type=\"section\" data-settings=\"{&quot;background_background&quot;:&quot;classic&quot;}\">\n\t\t\t\t\t\t\t<div class=\"elementor-background-overlay\"><\/div>\n\t\t\t\t\t\t\t<div class=\"elementor-container elementor-column-gap-default\">\n\t\t\t\t\t<div class=\"elementor-column elementor-col-100 elementor-top-column elementor-element elementor-element-6c084ed\" data-id=\"6c084ed\" data-element_type=\"column\">\n\t\t\t<div class=\"elementor-widget-wrap elementor-element-populated\">\n\t\t\t\t\t\t\t\t<div class=\"elementor-element elementor-element-26bf7d36 elementor-widget elementor-widget-heading\" data-id=\"26bf7d36\" data-element_type=\"widget\" data-widget_type=\"heading.default\">\n\t\t\t\t<div class=\"elementor-widget-container\">\n\t\t\t<h2 class=\"elementor-heading-title elementor-size-default\"><a href=\"https:\/\/portaldaacorianidade.azores.gov.pt\/en\/\/noticias\">News<\/a><\/h2>\t\t<\/div>\n\t\t\t\t<\/div>\n\t\t\t\t<div class=\"elementor-element elementor-element-5b8ab76d e-add-posts-layout-left force-default-mobile-yes e-add-carousel-effect-slide e-add-carousel-direction-horizontal e-add-align-left elementor-widget elementor-widget-e-query-posts\" data-id=\"5b8ab76d\" data-element_type=\"widget\" data-settings=\"{&quot;carousel_slidesPerView&quot;:2,&quot;carousel_slidesPerView_mobile&quot;:1,&quot;carousel_slidesColumn&quot;:2,&quot;carousel_slidesColumn_mobile&quot;:1,&quot;carousel_spaceBetween&quot;:20,&quot;carousel_dynamicBullets&quot;:&quot;yes&quot;,&quot;carousel_spaceBetween_tablet&quot;:20,&quot;carousel_slidesPerView_tablet_extra&quot;:2,&quot;carousel_useAutoplay&quot;:&quot;yes&quot;,&quot;carousel_speed_slider&quot;:300,&quot;carousel_effects&quot;:&quot;slide&quot;,&quot;carousel_direction_slider&quot;:&quot;horizontal&quot;,&quot;carousel_slidesPerGroup&quot;:1,&quot;carousel_usePagination&quot;:&quot;yes&quot;,&quot;carousel_pagination_type&quot;:&quot;bullets&quot;,&quot;carousel_autoplay&quot;:&quot;4000&quot;,&quot;carousel_autoplayDisableOnInteraction&quot;:&quot;yes&quot;,&quot;carousel_slidesOffsetBefore&quot;:0,&quot;carousel_slidesOffsetAfter&quot;:0,&quot;carousel_slidesPerColumnFill&quot;:&quot;row&quot;}\" data-widget_type=\"e-query-posts.carousel\">\n\t\t\t\t<div class=\"elementor-widget-container\">\n\t\t\t        <div class=\"e-add-carousel-container\">        <div class=\"e-add-posts-container e-add-posts  swiper-container e-add-skin-carousel\">\n                    <div class=\"e-add-posts-wrapper swiper-wrapper e-add-wrapper-carousel\">\n                    <article class=\"e-add-post e-add-post-item e-add-post-item-5b8ab76d swiper-slide e-add-item-carousel post-5023 post type-post status-publish format-standard has-post-thumbnail hentry category-nota-de-imprensa-en category-sliders-en\" data-post-id=\"5023\" data-post-index=\"0\">\n                        <div class=\"e-add-post-block e-add-post-block-0\">\n\n        <div class=\"e-add-image-area e-add-item-area\"><div class=\"e-add-item e-add-item_image elementor-repeater-item-4761db1\" data-item-id=\"4761db1\"><a class=\"e-add-post-image\" href=\"https:\/\/portaldaacorianidade.azores.gov.pt\/en\/paulo-estevao-praises-creation-of-social-support-network-for-the-azores-and-diaspora\/\"><figure class=\"e-add-img\"><img width=\"768\" height=\"576\" src=\"https:\/\/portaldaacorianidade.azores.gov.pt\/wp-content\/uploads\/2025\/04\/PE-768x576.jpg\" class=\"\" alt=\"\" loading=\"lazy\" srcset=\"https:\/\/portaldaacorianidade.azores.gov.pt\/wp-content\/uploads\/2025\/04\/PE-768x576.jpg 768w, https:\/\/portaldaacorianidade.azores.gov.pt\/wp-content\/uploads\/2025\/04\/PE-300x225.jpg 300w, https:\/\/portaldaacorianidade.azores.gov.pt\/wp-content\/uploads\/2025\/04\/PE-1024x768.jpg 1024w, https:\/\/portaldaacorianidade.azores.gov.pt\/wp-content\/uploads\/2025\/04\/PE-1536x1152.jpg 1536w, https:\/\/portaldaacorianidade.azores.gov.pt\/wp-content\/uploads\/2025\/04\/PE.jpg 2048w\" sizes=\"(max-width: 768px) 100vw, 768px\" \/><\/figure><\/a><\/div><\/div><div class=\"e-add-content-area e-add-item-area\"><div class=\"e-add-item e-add-item_image elementor-repeater-item-4761db1\" data-item-id=\"4761db1\"><\/div><div class=\"e-add-item e-add-item_date elementor-repeater-item-d236ab3\" data-item-id=\"d236ab3\"><p class=\"e-add-post-date\">April 16, 2025<\/p>        <\/div><div class=\"e-add-item e-add-item_title elementor-repeater-item-0839f57\" data-item-id=\"0839f57\"><h3 class=\"e-add-post-title\">        <a href=\"https:\/\/portaldaacorianidade.azores.gov.pt\/en\/paulo-estevao-praises-creation-of-social-support-network-for-the-azores-and-diaspora\/\">Paulo Est\u00eav\u00e3o praises creation of social support network for the Azores and diaspora        <\/a>        <\/h3>        <\/div><div class=\"e-add-item e-add-item_excerpt elementor-repeater-item-5b225eb\" data-item-id=\"5b225eb\"><div class=\"e-add-post-content\"><\/div><\/div><\/div>            <\/div>\n                    <\/article>\n                <article class=\"e-add-post e-add-post-item e-add-post-item-5b8ab76d swiper-slide e-add-item-carousel post-5015 post type-post status-publish format-standard has-post-thumbnail hentry category-nota-de-imprensa-en category-sliders-en\" data-post-id=\"5015\" data-post-index=\"1\">\n                        <div class=\"e-add-post-block e-add-post-block-1\">\n\n        <div class=\"e-add-image-area e-add-item-area\"><div class=\"e-add-item e-add-item_image elementor-repeater-item-4761db1\" data-item-id=\"4761db1\"><a class=\"e-add-post-image\" href=\"https:\/\/portaldaacorianidade.azores.gov.pt\/en\/social-service-organisations-from-the-azores-and-diaspora-meet-in-ponta-delgada-on-monday\/\"><figure class=\"e-add-img\"><img width=\"768\" height=\"284\" src=\"https:\/\/portaldaacorianidade.azores.gov.pt\/wp-content\/uploads\/2025\/04\/oss-imagem-768x284.jpg\" class=\"\" alt=\"\" loading=\"lazy\" srcset=\"https:\/\/portaldaacorianidade.azores.gov.pt\/wp-content\/uploads\/2025\/04\/oss-imagem-768x284.jpg 768w, https:\/\/portaldaacorianidade.azores.gov.pt\/wp-content\/uploads\/2025\/04\/oss-imagem-300x111.jpg 300w, https:\/\/portaldaacorianidade.azores.gov.pt\/wp-content\/uploads\/2025\/04\/oss-imagem-1024x379.jpg 1024w, https:\/\/portaldaacorianidade.azores.gov.pt\/wp-content\/uploads\/2025\/04\/oss-imagem-1536x569.jpg 1536w, https:\/\/portaldaacorianidade.azores.gov.pt\/wp-content\/uploads\/2025\/04\/oss-imagem.jpg 1702w\" sizes=\"(max-width: 768px) 100vw, 768px\" \/><\/figure><\/a><\/div><\/div><div class=\"e-add-content-area e-add-item-area\"><div class=\"e-add-item e-add-item_image elementor-repeater-item-4761db1\" data-item-id=\"4761db1\"><\/div><div class=\"e-add-item e-add-item_date elementor-repeater-item-d236ab3\" data-item-id=\"d236ab3\"><p class=\"e-add-post-date\">April 10, 2025<\/p>        <\/div><div class=\"e-add-item e-add-item_title elementor-repeater-item-0839f57\" data-item-id=\"0839f57\"><h3 class=\"e-add-post-title\">        <a href=\"https:\/\/portaldaacorianidade.azores.gov.pt\/en\/social-service-organisations-from-the-azores-and-diaspora-meet-in-ponta-delgada-on-monday\/\">Social Service organisations from the Azores and Diaspora meet in Ponta Delgada on Monday        <\/a>        <\/h3>        <\/div><div class=\"e-add-item e-add-item_excerpt elementor-repeater-item-5b225eb\" data-item-id=\"5b225eb\"><div class=\"e-add-post-content\"><\/div><\/div><\/div>            <\/div>\n                    <\/article>\n                <article class=\"e-add-post e-add-post-item e-add-post-item-5b8ab76d swiper-slide e-add-item-carousel post-5008 post type-post status-publish format-standard has-post-thumbnail hentry category-nota-de-imprensa-en category-sliders-en\" data-post-id=\"5008\" data-post-index=\"2\">\n                        <div class=\"e-add-post-block e-add-post-block-2\">\n\n        <div class=\"e-add-image-area e-add-item-area\"><div class=\"e-add-item e-add-item_image elementor-repeater-item-4761db1\" data-item-id=\"4761db1\"><a class=\"e-add-post-image\" href=\"https:\/\/portaldaacorianidade.azores.gov.pt\/en\/applications-for-azorean-diaspora-adviser-run-from-april-1-to-10\/\"><figure class=\"e-add-img\"><img width=\"768\" height=\"284\" src=\"https:\/\/portaldaacorianidade.azores.gov.pt\/wp-content\/uploads\/2025\/04\/CDA-25-768x284.jpg\" class=\"\" alt=\"\" loading=\"lazy\" srcset=\"https:\/\/portaldaacorianidade.azores.gov.pt\/wp-content\/uploads\/2025\/04\/CDA-25-768x284.jpg 768w, https:\/\/portaldaacorianidade.azores.gov.pt\/wp-content\/uploads\/2025\/04\/CDA-25-300x111.jpg 300w, https:\/\/portaldaacorianidade.azores.gov.pt\/wp-content\/uploads\/2025\/04\/CDA-25-1024x379.jpg 1024w, https:\/\/portaldaacorianidade.azores.gov.pt\/wp-content\/uploads\/2025\/04\/CDA-25-1536x569.jpg 1536w, https:\/\/portaldaacorianidade.azores.gov.pt\/wp-content\/uploads\/2025\/04\/CDA-25-2048x758.jpg 2048w\" sizes=\"(max-width: 768px) 100vw, 768px\" \/><\/figure><\/a><\/div><\/div><div class=\"e-add-content-area e-add-item-area\"><div class=\"e-add-item e-add-item_image elementor-repeater-item-4761db1\" data-item-id=\"4761db1\"><\/div><div class=\"e-add-item e-add-item_date elementor-repeater-item-d236ab3\" data-item-id=\"d236ab3\"><p class=\"e-add-post-date\">April 1, 2025<\/p>        <\/div><div class=\"e-add-item e-add-item_title elementor-repeater-item-0839f57\" data-item-id=\"0839f57\"><h3 class=\"e-add-post-title\">        <a href=\"https:\/\/portaldaacorianidade.azores.gov.pt\/en\/applications-for-azorean-diaspora-adviser-run-from-april-1-to-10\/\">Applications for Azorean Diaspora Adviser run from April 1 to 10        <\/a>        <\/h3>        <\/div><div class=\"e-add-item e-add-item_excerpt elementor-repeater-item-5b225eb\" data-item-id=\"5b225eb\"><div class=\"e-add-post-content\"><\/div><\/div><\/div>            <\/div>\n                    <\/article>\n                <article class=\"e-add-post e-add-post-item e-add-post-item-5b8ab76d swiper-slide e-add-item-carousel post-4998 post type-post status-publish format-standard has-post-thumbnail hentry category-nota-de-imprensa-en\" data-post-id=\"4998\" data-post-index=\"3\">\n                        <div class=\"e-add-post-block e-add-post-block-3\">\n\n        <div class=\"e-add-image-area e-add-item-area\"><div class=\"e-add-item e-add-item_image elementor-repeater-item-4761db1\" data-item-id=\"4761db1\"><a class=\"e-add-post-image\" href=\"https:\/\/portaldaacorianidade.azores.gov.pt\/en\/thinking-the-diaspora-colloquium-discusses-challenges-facing-azorean-communities\/\"><figure class=\"e-add-img\"><img width=\"768\" height=\"284\" src=\"https:\/\/portaldaacorianidade.azores.gov.pt\/wp-content\/uploads\/2025\/03\/Coloquio-Pensar-a-Diaspora_Nota-imprensa-1-768x284.png\" class=\"\" alt=\"\" loading=\"lazy\" srcset=\"https:\/\/portaldaacorianidade.azores.gov.pt\/wp-content\/uploads\/2025\/03\/Coloquio-Pensar-a-Diaspora_Nota-imprensa-1-768x284.png 768w, https:\/\/portaldaacorianidade.azores.gov.pt\/wp-content\/uploads\/2025\/03\/Coloquio-Pensar-a-Diaspora_Nota-imprensa-1-300x111.png 300w, https:\/\/portaldaacorianidade.azores.gov.pt\/wp-content\/uploads\/2025\/03\/Coloquio-Pensar-a-Diaspora_Nota-imprensa-1-1024x379.png 1024w, https:\/\/portaldaacorianidade.azores.gov.pt\/wp-content\/uploads\/2025\/03\/Coloquio-Pensar-a-Diaspora_Nota-imprensa-1.png 1277w\" sizes=\"(max-width: 768px) 100vw, 768px\" \/><\/figure><\/a><\/div><\/div><div class=\"e-add-content-area e-add-item-area\"><div class=\"e-add-item e-add-item_image elementor-repeater-item-4761db1\" data-item-id=\"4761db1\"><\/div><div class=\"e-add-item e-add-item_date elementor-repeater-item-d236ab3\" data-item-id=\"d236ab3\"><p class=\"e-add-post-date\">March 10, 2025<\/p>        <\/div><div class=\"e-add-item e-add-item_title elementor-repeater-item-0839f57\" data-item-id=\"0839f57\"><h3 class=\"e-add-post-title\">        <a href=\"https:\/\/portaldaacorianidade.azores.gov.pt\/en\/thinking-the-diaspora-colloquium-discusses-challenges-facing-azorean-communities\/\">&#8220;Thinking the Diaspora&#8221; colloquium discusses challenges facing Azorean communities        <\/a>        <\/h3>        <\/div><div class=\"e-add-item e-add-item_excerpt elementor-repeater-item-5b225eb\" data-item-id=\"5b225eb\"><div class=\"e-add-post-content\"><\/div><\/div><\/div>            <\/div>\n                    <\/article>\n                <article class=\"e-add-post e-add-post-item e-add-post-item-5b8ab76d swiper-slide e-add-item-carousel post-4988 post type-post status-publish format-standard has-post-thumbnail hentry category-nota-de-imprensa-en\" data-post-id=\"4988\" data-post-index=\"4\">\n                        <div class=\"e-add-post-block e-add-post-block-4\">\n\n        <div class=\"e-add-image-area e-add-item-area\"><div class=\"e-add-item e-add-item_image elementor-repeater-item-4761db1\" data-item-id=\"4761db1\"><a class=\"e-add-post-image\" href=\"https:\/\/portaldaacorianidade.azores.gov.pt\/en\/employment-and-integration-on-the-agenda-of-regional-advisory-council-for-immigration-affairs\/\"><figure class=\"e-add-img\"><img width=\"768\" height=\"432\" src=\"https:\/\/portaldaacorianidade.azores.gov.pt\/wp-content\/uploads\/2024\/11\/P-ES-768x432.jpg\" class=\"\" alt=\"\" loading=\"lazy\" srcset=\"https:\/\/portaldaacorianidade.azores.gov.pt\/wp-content\/uploads\/2024\/11\/P-ES-768x432.jpg 768w, https:\/\/portaldaacorianidade.azores.gov.pt\/wp-content\/uploads\/2024\/11\/P-ES-300x169.jpg 300w, https:\/\/portaldaacorianidade.azores.gov.pt\/wp-content\/uploads\/2024\/11\/P-ES-1024x576.jpg 1024w, https:\/\/portaldaacorianidade.azores.gov.pt\/wp-content\/uploads\/2024\/11\/P-ES-1536x863.jpg 1536w, https:\/\/portaldaacorianidade.azores.gov.pt\/wp-content\/uploads\/2024\/11\/P-ES-2048x1151.jpg 2048w\" sizes=\"(max-width: 768px) 100vw, 768px\" \/><\/figure><\/a><\/div><\/div><div class=\"e-add-content-area e-add-item-area\"><div class=\"e-add-item e-add-item_image elementor-repeater-item-4761db1\" data-item-id=\"4761db1\"><\/div><div class=\"e-add-item e-add-item_date elementor-repeater-item-d236ab3\" data-item-id=\"d236ab3\"><p class=\"e-add-post-date\">February 28, 2025<\/p>        <\/div><div class=\"e-add-item e-add-item_title elementor-repeater-item-0839f57\" data-item-id=\"0839f57\"><h3 class=\"e-add-post-title\">        <a href=\"https:\/\/portaldaacorianidade.azores.gov.pt\/en\/employment-and-integration-on-the-agenda-of-regional-advisory-council-for-immigration-affairs\/\">Employment and integration on the agenda of Regional Advisory Council for Immigration Affairs        <\/a>        <\/h3>        <\/div><div class=\"e-add-item e-add-item_excerpt elementor-repeater-item-5b225eb\" data-item-id=\"5b225eb\"><div class=\"e-add-post-content\"><\/div><\/div><\/div>            <\/div>\n                    <\/article>\n                <article class=\"e-add-post e-add-post-item e-add-post-item-5b8ab76d swiper-slide e-add-item-carousel post-4981 post type-post status-publish format-standard has-post-thumbnail hentry category-nota-de-imprensa-en\" data-post-id=\"4981\" data-post-index=\"5\">\n                        <div class=\"e-add-post-block e-add-post-block-5\">\n\n        <div class=\"e-add-image-area e-add-item-area\"><div class=\"e-add-item e-add-item_image elementor-repeater-item-4761db1\" data-item-id=\"4761db1\"><a class=\"e-add-post-image\" href=\"https:\/\/portaldaacorianidade.azores.gov.pt\/en\/regional-advisory-council-for-immigration-affairs-to-meet-in-ponta-delgada\/\"><figure class=\"e-add-img\"><img width=\"768\" height=\"284\" src=\"https:\/\/portaldaacorianidade.azores.gov.pt\/wp-content\/uploads\/2025\/02\/ccrai-768x284.jpg\" class=\"\" alt=\"\" loading=\"lazy\" srcset=\"https:\/\/portaldaacorianidade.azores.gov.pt\/wp-content\/uploads\/2025\/02\/ccrai-768x284.jpg 768w, https:\/\/portaldaacorianidade.azores.gov.pt\/wp-content\/uploads\/2025\/02\/ccrai-300x111.jpg 300w, https:\/\/portaldaacorianidade.azores.gov.pt\/wp-content\/uploads\/2025\/02\/ccrai-1024x379.jpg 1024w, https:\/\/portaldaacorianidade.azores.gov.pt\/wp-content\/uploads\/2025\/02\/ccrai-1536x569.jpg 1536w, https:\/\/portaldaacorianidade.azores.gov.pt\/wp-content\/uploads\/2025\/02\/ccrai-2048x758.jpg 2048w\" sizes=\"(max-width: 768px) 100vw, 768px\" \/><\/figure><\/a><\/div><\/div><div class=\"e-add-content-area e-add-item-area\"><div class=\"e-add-item e-add-item_image elementor-repeater-item-4761db1\" data-item-id=\"4761db1\"><\/div><div class=\"e-add-item e-add-item_date elementor-repeater-item-d236ab3\" data-item-id=\"d236ab3\"><p class=\"e-add-post-date\">February 26, 2025<\/p>        <\/div><div class=\"e-add-item e-add-item_title elementor-repeater-item-0839f57\" data-item-id=\"0839f57\"><h3 class=\"e-add-post-title\">        <a href=\"https:\/\/portaldaacorianidade.azores.gov.pt\/en\/regional-advisory-council-for-immigration-affairs-to-meet-in-ponta-delgada\/\">Regional Advisory Council for Immigration Affairs to meet in Ponta Delgada        <\/a>        <\/h3>        <\/div><div class=\"e-add-item e-add-item_excerpt elementor-repeater-item-5b225eb\" data-item-id=\"5b225eb\"><div class=\"e-add-post-content\"><\/div><\/div><\/div>            <\/div>\n                    <\/article>\n                <article class=\"e-add-post e-add-post-item e-add-post-item-5b8ab76d swiper-slide e-add-item-carousel post-4970 post type-post status-publish format-standard has-post-thumbnail hentry category-nota-de-imprensa-en\" data-post-id=\"4970\" data-post-index=\"6\">\n                        <div class=\"e-add-post-block e-add-post-block-6\">\n\n        <div class=\"e-add-image-area e-add-item-area\"><div class=\"e-add-item e-add-item_image elementor-repeater-item-4761db1\" data-item-id=\"4761db1\"><a class=\"e-add-post-image\" href=\"https:\/\/portaldaacorianidade.azores.gov.pt\/en\/paulo-estevao-highlights-publication-of-revised-legislation-on-social-mobility-aid-in-official-gazette\/\"><figure class=\"e-add-img\"><img width=\"768\" height=\"512\" src=\"https:\/\/portaldaacorianidade.azores.gov.pt\/wp-content\/uploads\/2025\/02\/Subsidio-768x512.jpg\" class=\"\" alt=\"\" loading=\"lazy\" srcset=\"https:\/\/portaldaacorianidade.azores.gov.pt\/wp-content\/uploads\/2025\/02\/Subsidio-768x512.jpg 768w, https:\/\/portaldaacorianidade.azores.gov.pt\/wp-content\/uploads\/2025\/02\/Subsidio-300x200.jpg 300w, https:\/\/portaldaacorianidade.azores.gov.pt\/wp-content\/uploads\/2025\/02\/Subsidio-1024x683.jpg 1024w, https:\/\/portaldaacorianidade.azores.gov.pt\/wp-content\/uploads\/2025\/02\/Subsidio-1536x1024.jpg 1536w, https:\/\/portaldaacorianidade.azores.gov.pt\/wp-content\/uploads\/2025\/02\/Subsidio-2048x1365.jpg 2048w\" sizes=\"(max-width: 768px) 100vw, 768px\" \/><\/figure><\/a><\/div><\/div><div class=\"e-add-content-area e-add-item-area\"><div class=\"e-add-item e-add-item_image elementor-repeater-item-4761db1\" data-item-id=\"4761db1\"><\/div><div class=\"e-add-item e-add-item_date elementor-repeater-item-d236ab3\" data-item-id=\"d236ab3\"><p class=\"e-add-post-date\">February 24, 2025<\/p>        <\/div><div class=\"e-add-item e-add-item_title elementor-repeater-item-0839f57\" data-item-id=\"0839f57\"><h3 class=\"e-add-post-title\">        <a href=\"https:\/\/portaldaacorianidade.azores.gov.pt\/en\/paulo-estevao-highlights-publication-of-revised-legislation-on-social-mobility-aid-in-official-gazette\/\">Paulo Est\u00eav\u00e3o highlights publication of revised legislation on social mobility aid in Official Gazette        <\/a>        <\/h3>        <\/div><div class=\"e-add-item e-add-item_excerpt elementor-repeater-item-5b225eb\" data-item-id=\"5b225eb\"><div class=\"e-add-post-content\"><\/div><\/div><\/div>            <\/div>\n                    <\/article>\n                <article class=\"e-add-post e-add-post-item e-add-post-item-5b8ab76d swiper-slide e-add-item-carousel post-4972 post type-post status-publish format-standard has-post-thumbnail hentry category-nota-de-imprensa-en\" data-post-id=\"4972\" data-post-index=\"7\">\n                        <div class=\"e-add-post-block e-add-post-block-7\">\n\n        <div class=\"e-add-image-area e-add-item-area\"><div class=\"e-add-item e-add-item_image elementor-repeater-item-4761db1\" data-item-id=\"4761db1\"><a class=\"e-add-post-image\" href=\"https:\/\/portaldaacorianidade.azores.gov.pt\/en\/diaspora-talks-premieres-new-season-with-the-portuguese-kids\/\"><figure class=\"e-add-img\"><img width=\"768\" height=\"284\" src=\"https:\/\/portaldaacorianidade.azores.gov.pt\/wp-content\/uploads\/2025\/02\/CD-A-768x284.jpg\" class=\"\" alt=\"\" loading=\"lazy\" srcset=\"https:\/\/portaldaacorianidade.azores.gov.pt\/wp-content\/uploads\/2025\/02\/CD-A-768x284.jpg 768w, https:\/\/portaldaacorianidade.azores.gov.pt\/wp-content\/uploads\/2025\/02\/CD-A-300x111.jpg 300w, https:\/\/portaldaacorianidade.azores.gov.pt\/wp-content\/uploads\/2025\/02\/CD-A-1024x379.jpg 1024w, https:\/\/portaldaacorianidade.azores.gov.pt\/wp-content\/uploads\/2025\/02\/CD-A-1536x568.jpg 1536w, https:\/\/portaldaacorianidade.azores.gov.pt\/wp-content\/uploads\/2025\/02\/CD-A.jpg 2021w\" sizes=\"(max-width: 768px) 100vw, 768px\" \/><\/figure><\/a><\/div><\/div><div class=\"e-add-content-area e-add-item-area\"><div class=\"e-add-item e-add-item_image elementor-repeater-item-4761db1\" data-item-id=\"4761db1\"><\/div><div class=\"e-add-item e-add-item_date elementor-repeater-item-d236ab3\" data-item-id=\"d236ab3\"><p class=\"e-add-post-date\">February 15, 2025<\/p>        <\/div><div class=\"e-add-item e-add-item_title elementor-repeater-item-0839f57\" data-item-id=\"0839f57\"><h3 class=\"e-add-post-title\">        <a href=\"https:\/\/portaldaacorianidade.azores.gov.pt\/en\/diaspora-talks-premieres-new-season-with-the-portuguese-kids\/\">&#8220;Diaspora Talks&#8221; premieres new season with The Portuguese Kids        <\/a>        <\/h3>        <\/div><div class=\"e-add-item e-add-item_excerpt elementor-repeater-item-5b225eb\" data-item-id=\"5b225eb\"><div class=\"e-add-post-content\"><\/div><\/div><\/div>            <\/div>\n                    <\/article>\n                <article class=\"e-add-post e-add-post-item e-add-post-item-5b8ab76d swiper-slide e-add-item-carousel post-4950 post type-post status-publish format-standard has-post-thumbnail hentry category-nota-de-imprensa-en\" data-post-id=\"4950\" data-post-index=\"8\">\n                        <div class=\"e-add-post-block e-add-post-block-8\">\n\n        <div class=\"e-add-image-area e-add-item-area\"><div class=\"e-add-item e-add-item_image elementor-repeater-item-4761db1\" data-item-id=\"4761db1\"><a class=\"e-add-post-image\" href=\"https:\/\/portaldaacorianidade.azores.gov.pt\/en\/applications-open-for-portuguese-language-courses-for-foreigners\/\"><figure class=\"e-add-img\"><img width=\"768\" height=\"284\" src=\"https:\/\/portaldaacorianidade.azores.gov.pt\/wp-content\/uploads\/2025\/02\/CURSOS-768x284.jpg\" class=\"\" alt=\"\" loading=\"lazy\" srcset=\"https:\/\/portaldaacorianidade.azores.gov.pt\/wp-content\/uploads\/2025\/02\/CURSOS-768x284.jpg 768w, https:\/\/portaldaacorianidade.azores.gov.pt\/wp-content\/uploads\/2025\/02\/CURSOS-300x111.jpg 300w, https:\/\/portaldaacorianidade.azores.gov.pt\/wp-content\/uploads\/2025\/02\/CURSOS-1024x379.jpg 1024w, https:\/\/portaldaacorianidade.azores.gov.pt\/wp-content\/uploads\/2025\/02\/CURSOS-1536x568.jpg 1536w, https:\/\/portaldaacorianidade.azores.gov.pt\/wp-content\/uploads\/2025\/02\/CURSOS.jpg 2021w\" sizes=\"(max-width: 768px) 100vw, 768px\" \/><\/figure><\/a><\/div><\/div><div class=\"e-add-content-area e-add-item-area\"><div class=\"e-add-item e-add-item_image elementor-repeater-item-4761db1\" data-item-id=\"4761db1\"><\/div><div class=\"e-add-item e-add-item_date elementor-repeater-item-d236ab3\" data-item-id=\"d236ab3\"><p class=\"e-add-post-date\">February 7, 2025<\/p>        <\/div><div class=\"e-add-item e-add-item_title elementor-repeater-item-0839f57\" data-item-id=\"0839f57\"><h3 class=\"e-add-post-title\">        <a href=\"https:\/\/portaldaacorianidade.azores.gov.pt\/en\/applications-open-for-portuguese-language-courses-for-foreigners\/\">Applications open for Portuguese Language Courses for Foreigners        <\/a>        <\/h3>        <\/div><div class=\"e-add-item e-add-item_excerpt elementor-repeater-item-5b225eb\" data-item-id=\"5b225eb\"><div class=\"e-add-post-content\"><\/div><\/div><\/div>            <\/div>\n                    <\/article>\n                <article class=\"e-add-post e-add-post-item e-add-post-item-5b8ab76d swiper-slide e-add-item-carousel post-4944 post type-post status-publish format-standard has-post-thumbnail hentry category-nota-de-imprensa-en\" data-post-id=\"4944\" data-post-index=\"9\">\n                        <div class=\"e-add-post-block e-add-post-block-9\">\n\n        <div class=\"e-add-image-area e-add-item-area\"><div class=\"e-add-item e-add-item_image elementor-repeater-item-4761db1\" data-item-id=\"4761db1\"><a class=\"e-add-post-image\" href=\"https:\/\/portaldaacorianidade.azores.gov.pt\/en\/regional-government-and-turismo-de-portugal-promote-migrant-training-to-fill-labour-shortages-in-the-sector\/\"><figure class=\"e-add-img\"><img width=\"768\" height=\"512\" src=\"https:\/\/portaldaacorianidade.azores.gov.pt\/wp-content\/uploads\/2025\/01\/gastronomia-768x512.jpg\" class=\"\" alt=\"\" loading=\"lazy\" srcset=\"https:\/\/portaldaacorianidade.azores.gov.pt\/wp-content\/uploads\/2025\/01\/gastronomia-768x512.jpg 768w, https:\/\/portaldaacorianidade.azores.gov.pt\/wp-content\/uploads\/2025\/01\/gastronomia-300x200.jpg 300w, https:\/\/portaldaacorianidade.azores.gov.pt\/wp-content\/uploads\/2025\/01\/gastronomia-1024x683.jpg 1024w, https:\/\/portaldaacorianidade.azores.gov.pt\/wp-content\/uploads\/2025\/01\/gastronomia-1536x1024.jpg 1536w, https:\/\/portaldaacorianidade.azores.gov.pt\/wp-content\/uploads\/2025\/01\/gastronomia-2048x1365.jpg 2048w\" sizes=\"(max-width: 768px) 100vw, 768px\" \/><\/figure><\/a><\/div><\/div><div class=\"e-add-content-area e-add-item-area\"><div class=\"e-add-item e-add-item_image elementor-repeater-item-4761db1\" data-item-id=\"4761db1\"><\/div><div class=\"e-add-item e-add-item_date elementor-repeater-item-d236ab3\" data-item-id=\"d236ab3\"><p class=\"e-add-post-date\">January 30, 2025<\/p>        <\/div><div class=\"e-add-item e-add-item_title elementor-repeater-item-0839f57\" data-item-id=\"0839f57\"><h3 class=\"e-add-post-title\">        <a href=\"https:\/\/portaldaacorianidade.azores.gov.pt\/en\/regional-government-and-turismo-de-portugal-promote-migrant-training-to-fill-labour-shortages-in-the-sector\/\">Regional Government and Turismo de Portugal promote migrant training to fill labour shortages in the sector        <\/a>        <\/h3>        <\/div><div class=\"e-add-item e-add-item_excerpt elementor-repeater-item-5b225eb\" data-item-id=\"5b225eb\"><div class=\"e-add-post-content\"><\/div><\/div><\/div>            <\/div>\n                    <\/article>\n                    <\/div>\n                        <\/div>\n            <div class=\"e-add-carousel-controls\" data-post-id=\"4944\"><div class=\"e-add-container-pagination swiper-container-horizontal\"><div class=\"swiper-pagination pagination-5b8ab76d-4944 nav--default\"><\/div><\/div><\/div><\/div>            <nav class=\"elementor-pagination e-add-pagination\" role=\"navigation\" aria-label=\"Pagination\"><\/nav>\t\t<\/div>\n\t\t\t\t<\/div>\n\t\t\t\t<div class=\"elementor-element elementor-element-ac83a48 elementor-align-center elementor-mobile-align-center elementor-widget elementor-widget-button\" data-id=\"ac83a48\" data-element_type=\"widget\" data-widget_type=\"button.default\">\n\t\t\t\t<div class=\"elementor-widget-container\">\n\t\t\t\t\t<div class=\"elementor-button-wrapper\">\n\t\t\t<a href=\"https:\/\/portaldaacorianidade.azores.gov.pt\/en\/\/noticias\" class=\"elementor-button-link elementor-button elementor-size-sm\" role=\"button\">\n\t\t\t\t\t\t<span class=\"elementor-button-content-wrapper\">\n\t\t\t\t\t\t<span class=\"elementor-button-text\">View all news<\/span>\n\t\t<\/span>\n\t\t\t\t\t<\/a>\n\t\t<\/div>\n\t\t\t\t<\/div>\n\t\t\t\t<\/div>\n\t\t\t\t\t<\/div>\n\t\t<\/div>\n\t\t\t\t\t\t\t<\/div>\n\t\t<\/section>\n\t\t\t\t<section class=\" elementor-section  e_lazy_bg elementor-top-section elementor-element elementor-element-9d5dc75 elementor-section-full_width elementor-section-height-default elementor-section-height-default\" data-id=\"9d5dc75\" data-element_type=\"section\" data-settings=\"{&quot;background_background&quot;:&quot;classic&quot;}\">\n\t\t\t\t\t\t<div class=\"elementor-container elementor-column-gap-default\"><div class=\"elementor-row\">\n\t\t\t\t\t<div class=\"elementor-column elementor-col-100 elementor-top-column elementor-element elementor-element-cb220ec feed\" data-id=\"cb220ec\" data-element_type=\"column\">\n\t\t\t<div class=\"elementor-widget-wrap elementor-element-populated\">\n\t\t\t\t\t\t\t\t<div class=\"elementor-element elementor-element-9232f78 elementor-widget elementor-widget-e-do-shortcode\" data-id=\"9232f78\" data-element_type=\"widget\" data-widget_type=\"e-do-shortcode.default\">\n\t\t\t\t<div class=\"elementor-widget-container\">\n\t\t\t<link rel='stylesheet' id='ff-dynamic-css1' type='text\/css' href='https:\/\/portaldaacorianidade.azores.gov.pt\/wp-content\/resources\/flow-flow\/css\/stream-id1.css?ver=1669034567'\/><!-- Flow-Flow \u2014 Social stream plugin for WordPress -->\n<div class=\"ff-stream\" data-plugin=\"flow_flow\" id=\"ff-stream-1\"><span class=\"ff-loader\"><span class=\"ff-square\" ><\/span><span class=\"ff-square\"><\/span><span class=\"ff-square ff-last\"><\/span><span class=\"ff-square ff-clear\"><\/span><span class=\"ff-square\"><\/span><span class=\"ff-square ff-last\"><\/span><span class=\"ff-square ff-clear\"><\/span><span class=\"ff-square\"><\/span><span class=\"ff-square ff-last\"><\/span><\/span><\/div>\n<svg aria-hidden=\"true\" style=\"position: absolute; width: 0; height: 0; overflow: hidden;\" version=\"1.1\"><defs><symbol id=\"ff-icon-heart\" viewBox=\"0 0 48 48\"><path d=\"M34.6 3.1c-4.5 0-7.9 1.8-10.6 5.6-2.7-3.7-6.1-5.5-10.6-5.5C6 3.1 0 9.6 0 17.6c0 7.3 5.4 12 10.6 16.5.6.5 1.3 1.1 1.9 1.7l2.3 2c4.4 3.9 6.6 5.9 7.6 6.5.5.3 1.1.5 1.6.5s1.1-.2 1.6-.5c1-.6 2.8-2.2 7.8-6.8l2-1.8c.7-.6 1.3-1.2 2-1.7C42.7 29.6 48 25 48 17.6c0-8-6-14.5-13.4-14.5z\"><\/path><\/symbol><\/defs><\/svg>\n<script type=\"text\/javascript\" class=\"ff-stream-inline-js\" id=\"ff-stream-inline-js-1\">\n\n    (function () {\n        var timer, abortTimer;\n\n        timer = setInterval( function() {\n            if ( window.jQuery ) {\n                clearInterval( timer );\n                afterContentArrived( window.jQuery );\n            }\n        }, 67);\n\n        abortTimer = setTimeout( function () {\n\n            if ( !window.jQuery ) {\n                clearInterval( timer );\n                console.log('FLOW-FLOW DEBUG MESSAGE: No jQuery on page, please make sure it is loaded because jQuery is plugin requirement');\n            }\n        }, 20000);\n\n        function afterContentArrived ( $ ) {\n\n            \"use strict\";\n\n            var hash = '1677531370.148427d875e1e9798ca6331d36f7a58f563a339b1a111d79b68e0a562460a2439ba94dfb78c6e5567c12e8381aea4862';\n\n            var opts = window.FlowFlowOpts || {\"streams\":{},\"open_in_new\":\"yep\",\"filter_all\":\"All\",\"filter_search\":\"Search\",\"expand_text\":\"Expand\",\"collapse_text\":\"Collapse\",\"posted_on\":\"Posted on\",\"followers\":\"Followers\",\"following\":\"Following\",\"posts\":\"Posts\",\"show_more\":\"Show more\",\"date_style\":\"agoStyleDate\",\"dates\":{\"Yesterday\":\"Yesterday\",\"s\":\"s\",\"m\":\"m\",\"h\":\"h\",\"ago\":\"ago\",\"months\":[\"Jan\",\"Feb\",\"March\",\"April\",\"May\",\"June\",\"July\",\"Aug\",\"Sept\",\"Oct\",\"Nov\",\"Dec\"]},\"lightbox_navigate\":\"Navigate with arrow keys\",\"view_on\":\"View on\",\"view_on_site\":\"View on site\",\"view_all\":\"View all\",\"comments\":\"comments\",\"scroll\":\"Scroll for more\",\"no_comments\":\"No comments yet.\",\"check_comments\":\"Check all comments\",\"be_first\":\"Be the first!\",\"loading\":\"Loading\",\"server_time\":1777093822,\"forceHTTPS\":\"nope\",\"isAdmin\":false,\"ajaxurl\":\"https:\\\/\\\/portaldaacorianidade.azores.gov.pt\\\/wp-admin\\\/admin-ajax.php\",\"isLog\":false,\"plugin_base\":\"https:\\\/\\\/portaldaacorianidade.azores.gov.pt\\\/wp-content\\\/plugins\\\/flow-flow\",\"plugin_ver\":\"4.9.1\",\"domain\":\"portaldaacorianidade.azores.gov.pt\",\"token\":\"\"};\n\n            var isLS = isLocalStorageNameSupported();\n\n            var FF_resource = window.FF_resource ||\n                {\n                    scriptDeferred: $.Deferred(),\n                    styleDeferred:  $.Deferred(),\n                    scriptLoading: false,\n                    styleLoading: false\n                };\n\n            if ( !window.FF_resource ) window.FF_resource = FF_resource;\n            if ( !window.FlowFlowOpts ) window.FlowFlowOpts = opts;\n\n\t        \n            var data = {\n                'shop': 'portaldaacorianidade.azores.gov.pt',\n                'action': 'fetch_posts',\n                'stream-id': '1',\n                'disable-cache': '',\n                'hash': hash,\n                'page': '0',\n                'preview': '0',\n                'token':  '',\n                'boosted': '0'\n            };\n\n            var isMobile = \/android|blackBerry|iphone|ipad|ipod|opera mini|iemobile\/i.test( navigator.userAgent );\n\n            var streamOpts = {\"name\":\"Teste\",\"cloud\":\"nope\",\"mod\":\"nope\",\"order\":\"smartCompare\",\"posts\":\"30\",\"days\":\"\",\"page-posts\":\"15\",\"cache\":\"yep\",\"cache_lifetime\":\"10\",\"gallery\":\"yep\",\"gallery-type\":\"classic\",\"private\":\"nope\",\"hide-on-desktop\":\"nope\",\"hide-on-mobile\":\"nope\",\"max-res\":\"nope\",\"show-only-media-posts\":\"nope\",\"titles\":\"nope\",\"hidemeta\":\"nope\",\"hidetext\":\"nope\",\"heading\":\"\",\"headingcolor\":\"rgb(59, 61, 64)\",\"subheading\":\"\",\"subheadingcolor\":\"rgb(114, 112, 114)\",\"hhalign\":\"center\",\"bgcolor\":\"rgb(240, 240, 240)\",\"filter\":\"yep\",\"filtercolor\":\"rgb(205, 205, 205)\",\"mobileslider\":\"nope\",\"viewportin\":\"yep\",\"width\":\"260\",\"margin\":\"20\",\"layout\":\"masonry\",\"theme\":\"classic\",\"gc-style\":\"style-1\",\"upic-pos\":\"timestamp\",\"upic-style\":\"round\",\"bradius\":\"15\",\"icon-style\":\"label1\",\"icon-col\":\"colored\",\"cardcolor\":\"rgb(255, 255, 255)\",\"namecolor\":\"rgb(59, 61, 64)\",\"textcolor\":\"rgb(131, 141, 143)\",\"linkscolor\":\"rgb(94, 159, 202)\",\"restcolor\":\"rgb(132, 118, 129)\",\"shadow\":\"rgba(0, 0, 0, 0.05)\",\"bcolor\":\"rgba(0, 0, 0, 0.75)\",\"talign\":\"left\",\"icons-style\":\"outline\",\"cards-num\":\"3\",\"scrolltop\":\"yep\",\"c-desktop\":\"5\",\"c-laptop\":\"4\",\"c-tablet-l\":\"3\",\"c-tablet-p\":\"2\",\"c-smart-l\":\"2\",\"c-smart-p\":\"1\",\"s-desktop\":\"15\",\"s-laptop\":\"15\",\"s-tablet-l\":\"10\",\"s-tablet-p\":\"10\",\"s-smart-l\":\"15\",\"s-smart-p\":\"15\",\"m-c-desktop\":\"5\",\"m-c-laptop\":\"4\",\"m-c-tablet-l\":\"3\",\"m-c-tablet-p\":\"3\",\"m-c-smart-l\":\"3\",\"m-c-smart-p\":\"1\",\"m-s-desktop\":\"15\",\"m-s-laptop\":\"15\",\"m-s-tablet-l\":\"10\",\"m-s-tablet-p\":\"10\",\"m-s-smart-l\":\"15\",\"m-s-smart-p\":\"15\",\"j-h-desktop\":\"260\",\"j-h-laptop\":\"240\",\"j-h-tablet-l\":\"220\",\"j-h-tablet-p\":\"200\",\"j-h-smart-l\":\"180\",\"j-h-smart-p\":\"160\",\"j-s-desktop\":\"0\",\"j-s-laptop\":\"0\",\"j-s-tablet-l\":\"0\",\"j-s-tablet-p\":\"0\",\"j-s-smart-l\":\"0\",\"j-s-smart-p\":\"0\",\"c-r-desktop\":\"2\",\"c-r-laptop\":\"2\",\"c-r-tablet-l\":\"2\",\"c-r-tablet-p\":\"2\",\"c-r-smart-l\":\"2\",\"c-r-smart-p\":\"2\",\"c-c-desktop\":\"5\",\"c-c-laptop\":\"4\",\"c-c-tablet-l\":\"3\",\"c-c-tablet-p\":\"3\",\"c-c-smart-l\":\"2\",\"c-c-smart-p\":\"2\",\"c-s-desktop\":\"0\",\"c-s-laptop\":\"0\",\"c-s-tablet-l\":\"0\",\"c-s-tablet-p\":\"0\",\"c-s-smart-l\":\"0\",\"c-s-smart-p\":\"0\",\"c-autoplay\":\"\",\"c-arrows-always\":\"yep\",\"c-arrows-mob\":\"nope\",\"c-dots\":\"yep\",\"c-dots-mob\":\"nope\",\"wallwidth\":\"\",\"wallvm\":\"20\",\"wallhm\":\"0\",\"wallcomments\":\"yep\",\"g-ratio-w\":\"1\",\"g-ratio-h\":\"2\",\"g-ratio-img\":\"1\\\/2\",\"g-overlay\":\"nope\",\"m-overlay\":\"nope\",\"css\":\"\",\"template\":[\"image\",\"header\",\"text\",\"meta\"],\"tv\":\"nope\",\"tv-int\":\"5\",\"tv-logo\":\"\",\"tv-bg\":\"\",\"big\":\"nope\",\"id\":\"1\",\"last_changes\":1669034567,\"status\":\"0\",\"feeds\":[{\"id\":\"cf32351\",\"errors\":[],\"status\":\"1\",\"enabled\":\"yep\",\"last_update\":\"Apr 24 18:40\",\"cache_lifetime\":\"1440\",\"system_enabled\":\"1\",\"boosted\":\"nope\",\"content\":\"https:\\\/\\\/portal.azores.gov.pt\\\/web\\\/comunicacao\\\/rss?p_p_id=com_liferay_asset_publisher_web_portlet_AssetPublisherPortlet_INSTANCE_e7oV7295hdvm&p_p_lifecycle=2&p_p_state=normal&p_p_mode=view&p_p_resource_id=getRSS&p_p_cacheability=cacheLevelPage\",\"channel-name\":\"Not\\u00edcias Portal Governo dos A\\u00e7ores\",\"avatar-url\":\"\",\"hide-caption\":\"nope\",\"rich-text\":\"nope\",\"mod\":\"nope\",\"mod-approve\":\"nope\",\"type\":\"rss\",\"include\":\"\",\"filter-by-words\":\"\",\"page\":\"1\"},{\"id\":\"hu22706\",\"errors\":[{\"url\":\"https:\\\/\\\/graph.facebook.com\\\/v3.3\\\/158361751005732\\\/posts?fields=likes.summary(true),comments.summary(true),shares,permalink_url,id,created_time,from,message,picture,full_picture,status_type,story,attachments&limit=30&locale=pt_PT&access_token=EAABZCwDdoWC8BAMq1uoG4ZAWyO6u0MbBpmf83YjllknUnZARSKTSwoKoTWdKcM6Krz2MpWiMFtKbZC4QdLLYJ5tJmhZCvYn8K8Y1ZCH84Iv5nir1BuLsPUvTVF9vP7yI6KfWDujIkZCfvMn9TnijCB5zDG0M1hlbl4NzgYlh431vcMOZBvl5VTnCcGkg18ucFGVLBW10ShiPTSOx1866RBAVRLz4HcnqGw3YvWCrpmIgIgZDZD\",\"message\":\"Error validating access token: The session has been invalidated because the user changed their password or Facebook has changed the session for security reasons.\",\"type\":\"facebook\"}],\"status\":\"0\",\"enabled\":\"nope\",\"last_update\":\"N\\\/A\",\"cache_lifetime\":\"1440\",\"system_enabled\":\"0\",\"boosted\":\"nope\",\"timeline-type\":\"page_timeline\",\"content\":\"158361751005732\",\"posts\":\"10\",\"mod\":\"nope\",\"mod-approve\":\"nope\",\"type\":\"facebook\",\"include\":\"\",\"filter-by-words\":\"\"}],\"preview\":false};\n            var ads = false;\n\t        streamOpts.shop = data.shop;\n            streamOpts.plugin = 'flow_flow';\n            streamOpts.trueLayout = streamOpts.layout;\n\n            \/*we will modify 'grid' layout to get 'carousel' layout*\/\n            if ( streamOpts.layout == 'carousel' ) {\n                streamOpts['layout'] = 'grid';\n                streamOpts['g-ratio-h'] = \"1\";\n                streamOpts['g-ratio-img'] = \"1\/2\";\n                streamOpts['g-ratio-w'] = \"1\";\n                streamOpts['g-overlay'] = \"yep\";\n                streamOpts['c-overlay'] = \"yep\";\n                streamOpts['s-desktop'] = \"0\";\n                streamOpts['s-laptop'] = \"0\";\n                streamOpts['s-smart-l'] = \"0\";\n                streamOpts['s-smart-p'] = \"0\";\n                streamOpts['s-tablet-l'] = \"0\";\n                streamOpts['s-tablet-p'] = \"0\";\n            }\n            else if ( streamOpts.layout == 'list' ) {  \/*the same with list, we only need news feed style*\/\n                streamOpts['layout'] = 'masonry';\n            }\n\n\t        if ( ads ) streamOpts.ads = ads;\n\n            opts.streams['stream' + streamOpts.id] = streamOpts;\n\n            var $cont = $(\"[data-plugin='flow_flow']#ff-stream-\"+data['stream-id']);\n            var ajaxDeferred;\n            var script, style;\n            var layout_pre = streamOpts.layout.charAt(0);\n            var isOverlay = layout_pre === 'j' || streamOpts[layout_pre + '-overlay'] === 'yep' && streamOpts.trueLayout !== 'list';\n            var imgIndex;\n            if (isOverlay) {\n                if (streamOpts.template[0] !== 'image') {\n                    for (var i = 0, len = streamOpts.template.length; i < len; i++) {\n                        if (streamOpts.template[i] === 'image') imgIndex = i;\n                    }\n                    streamOpts.template.splice(0, 0, streamOpts.template.splice(imgIndex, 1)[0]);\n                }\n                streamOpts.isOverlay = true;\n            };\n            if (FF_resource.scriptDeferred.state() === 'pending' && !FF_resource.scriptLoading) {\n                script = document.createElement('script');\n                script.src = \"https:\/\/portaldaacorianidade.azores.gov.pt\/wp-content\/plugins\/flow-flow\/js\/public.js?ver=4.9.1\";\n                script.onload = function( script, textStatus ) {\n                    FF_resource.scriptDeferred.resolve();\n                };\n                document.body.appendChild(script);\n                FF_resource.scriptLoading = true;\n            };\n            if (FF_resource.styleDeferred.state() === 'pending' && !FF_resource.styleLoading) {\n                style = document.createElement('link');\n                style.type = \"text\/css\";\n                style.id = \"ff_style\";\n                style.rel = \"stylesheet\";\n                style.href = \"https:\/\/portaldaacorianidade.azores.gov.pt\/wp-content\/plugins\/flow-flow\/css\/public.css?ver=4.9.1\";\n                style.media = \"screen\";\n                style.onload = function( script, textStatus ) {\n                    FF_resource.styleDeferred.resolve();\n                };\n                document.getElementsByTagName(\"head\")[0].appendChild(style);\n                FF_resource.styleLoading = true;\n            }\n            $cont.addClass('ff-layout-' + streamOpts.trueLayout);\n            if (!isMobile && streamOpts.trueLayout !== 'carousel') $cont.css('minHeight', '500px');\n            ajaxDeferred = isLS && sessionStorage.getItem(hash) ? {} : $.get(opts.ajaxurl, data)\n;\n            $.when( ajaxDeferred, FF_resource.scriptDeferred, FF_resource.styleDeferred ).done(function ( data ) {\n                var response, $errCont, err;\n                var moderation = 0;\n                var original = (isLS && sessionStorage.getItem(hash)) ? JSON.parse( sessionStorage.getItem(hash) ) : data[0];\n                try {\n                    \/* response = JSON.parse(original); *\/\n                    response = original; \/* since 4.1 *\/\n                } catch (e) {\n                    window.console && window.console.log('Flow-Flow gets invalid data from server');\n                    if (opts.isAdmin || opts.isLog) {\n\t                    $errCont = $('<' + 'div class=\"ff-errors\"><' + 'div class=\"ff-disclaim\">If you see this message then you have administrator permissions and Flow-Flow got invalid data from server. Please provide error message below if you are doing support request.<' + '\/div><' + 'div class=\"ff-err-info\"><'+'\/div><'+'\/div>');\n\t                    $cont.before($errCont);\n                        $errCont.find('.ff-err-info').html(original == '' ? 'Empty response from server' : original);\n                    }\n                    return;\n                }\n\n                if ( ! response ) {\n                \tconsole.log( 'FLOW-FLOW: null response from server' );\n                \treturn;\n                }\n\n                \/\/ injecting ads for cloud streams\n                if ( ads ) {\n\n                \tvar newArr = [];\n\n                \tvar post, ad;\n\n                \tfor ( var i = 0, len = response.items.length; i < len; i++ ) {\n\n\t\t                post = response.items[ i ];\n\n                \t\tif ( ads[ i ] ) {\n\n                \t\t\tad = ads[ i ];\n                            ad.id = 'ad_el_' + ad.id;\n                            newArr.push ( ad );\n\n\t\t\t                delete ads[ i ];\n                        }\n\n                        newArr.push( post );\n                    }\n\n                    response.items = newArr;\n                }\n\n                opts.streams['stream' + streamOpts.id]['items'] = response;\n                if (!FlowFlowOpts.dependencies) FlowFlowOpts.dependencies = {};\n                \n                FlowFlow.extensionResourcesRequests = FlowFlow.extensionResourcesRequests || [];\n                var request, extension, style;\n\n                for ( extension in FlowFlowOpts.dependencies ) {\n                    if ( FlowFlowOpts.dependencies[extension] && FlowFlowOpts.dependencies[extension] !== 'loaded') {\n                        request = $.getScript( opts.plugin_base + '-' + extension + '\/js\/ff_' + extension + '_public.js?ver=4.9.1');\n                        FlowFlow.extensionResourcesRequests.push(request);\n\n                        style = document.createElement('link');\n                        style.type = \"text\/css\";\n                        style.rel = \"stylesheet\";\n                        style.id = \"ff_ad_style\";\n                        style.href = opts.plugin_base + '-' + extension + '\/css\/ff_' + extension + '_public.css?ver=4.9.1';\n                        style.media = \"screen\";\n                        document.getElementsByTagName(\"head\")[0].appendChild(style);\n\n                        FlowFlowOpts.dependencies[extension] = 'loaded';\n                    }\n                }\n\n                var resourcesLoaded = $.when.apply($, FlowFlow.extensionResourcesRequests);\n\n                resourcesLoaded.done(function(){\n                    var $stream, width;\n                    console.log('FLOW-FLOW data', response);\n\n                    $stream = FlowFlow.buildStreamWith(response, streamOpts, moderation, FlowFlowOpts.dependencies);\n\n                    if (isLS && response.items.length > 0 && response.hash.length > 0) sessionStorage.setItem(  response.hash , JSON.stringify( original ));\n\n                    var num = streamOpts.layout === 'compact' || (streamOpts.mobileslider === 'yep' && isMobile)? (streamOpts.mobileslider === 'yep' ? 3 : streamOpts['cards-num']) : false;\n\n                    $cont.append( $stream );\n\n                    if ( typeof $stream !== 'string' ) {\n                        FlowFlow.setupGrid($cont.find('.ff-stream-wrapper'), num, streamOpts.scrolltop === 'yep', streamOpts.gallery === 'yep', streamOpts, $cont);\n                    }\n\n                    setTimeout(function(){\n                        $cont.find('.ff-header').removeClass('ff-loading').end().find('.ff-loader').addClass('ff-squeezed').delay(300).hide();\n                    }, 0);\n\n                    \n                }).fail(function(){\n                    console.log('Flow-Flow: resource loading failed');\n                });\n\n                var isErr = response.status === \"errors\";\n                if ((opts.isAdmin || opts.isLog) && isErr) {\n\t                $errCont = $('<'+'div class=\"ff-errors\"><'+'div class=\"ff-err-info\">If you see this then you are administrator and Flow-Flow got errors from APIs while requesting data. Please go to plugin admin and after refreshing page check for error(s) on stream settings page. Please provide error message info if you are doing support request.<'+'\/div><'+'\/div>');\n\t                $cont.before($errCont);\n                }\n            });\n\n            function isLocalStorageNameSupported() {\n                var testKey = 'test', storage = window.sessionStorage;\n                try {\n                    storage.setItem(testKey, '1');\n                    storage.removeItem(testKey);\n                    return true;\n                } catch (error) {\n                    return false;\n                }\n            };\n\n            return false;\n        }\n    })()\n\n<\/script>\n<!-- Flow-Flow \u2014 Social streams plugin for WordPress -->\t\t<\/div>\n\t\t\t\t<\/div>\n\t\t\t\t\t<\/div>\n\t\t<\/div>\n\t\t\t\t\t\t\t<\/div>\n\t\t<\/section>\n\t\t<\/div>\t\t\t\t<\/div>\n\t\t\t\t\t<\/div>\n\t\t","protected":false},"excerpt":{"rendered":"<p>Nome do site visitar p\u00e1gina Title Description Title Description Title Description Title Description Title Description Portals Azoreans in the World Visitar a p\u00e1gina &nbsp; ROTEIRO DAS BANDAS FILARM\u00d3NICAS DOS A\u00c7ORES\/COMUNIDADES Visitar a p\u00e1gina &nbsp; ROTEIRO DOS GRUPOS FOLCL\u00d3RICOS DOS A\u00c7ORES\/COMUNIDADES Visitar a p\u00e1gina &nbsp; COMUNIDADES A\u00c7ORIANAS Visitar a p\u00e1gina &nbsp; ROTEIRO DAS FESTAS DO DIVINO [&hellip;]<\/p>\n","protected":false},"author":1,"featured_media":0,"parent":0,"menu_order":0,"comment_status":"closed","ping_status":"closed","template":"","meta":[],"yoast_head":"<!-- This site is optimized with the Yoast SEO plugin v17.3 - https:\/\/yoast.com\/wordpress\/plugins\/seo\/ -->\n<title>A\u00e7orianidade Portal - Community Platform<\/title>\n<meta name=\"description\" content=\"A\u00e7orianidade Portal with access in a single space to the sites of interest to Azorean communities in order to facilitate their search.\" \/>\n<meta name=\"robots\" content=\"index, follow, max-snippet:-1, max-image-preview:large, max-video-preview:-1\" \/>\n<link rel=\"canonical\" href=\"https:\/\/portaldaacorianidade.azores.gov.pt\/en\/?lang=en\" \/>\n<meta property=\"og:locale\" content=\"en_US\" \/>\n<meta property=\"og:type\" content=\"article\" \/>\n<meta property=\"og:title\" content=\"A\u00e7orianidade Portal - Community Platform\" \/>\n<meta property=\"og:description\" content=\"A\u00e7orianidade Portal with access in a single space to the sites of interest to Azorean communities in order to facilitate their search.\" \/>\n<meta property=\"og:url\" content=\"https:\/\/portaldaacorianidade.azores.gov.pt\/?lang=en\" \/>\n<meta property=\"og:site_name\" content=\"Portal da A\u00e7orianidade - plataforma com os sites geridos pela Vice Presid\u00eancia do Governo\" \/>\n<meta property=\"article:modified_time\" content=\"2021-10-14T16:18:04+00:00\" \/>\n<meta property=\"og:image\" content=\"http:\/\/portaldaacorianidade.azores.gov.pt\/wp-content\/uploads\/2021\/09\/barra-3.png\" \/>\n<meta name=\"twitter:card\" content=\"summary_large_image\" \/>\n<meta name=\"twitter:label1\" content=\"Est. reading time\" \/>\n\t<meta name=\"twitter:data1\" content=\"11 minutes\" \/>\n<script type=\"application\/ld+json\" class=\"yoast-schema-graph\">{\"@context\":\"https:\/\/schema.org\",\"@graph\":[{\"@type\":\"WebSite\",\"@id\":\"https:\/\/portaldaacorianidade.azores.gov.pt\/#website\",\"url\":\"https:\/\/portaldaacorianidade.azores.gov.pt\/\",\"name\":\"Portal da A\\u00e7orianidade - plataforma com os sites geridos pela Vice Presid\\u00eancia do Governo\",\"description\":\" Plataforma os v\\u00e1rios sites geridos pela Vice-Presid\\u00eancia do Governo dos A\\u00e7ores, atrav\\u00e9s da Dire\\u00e7\\u00e3o Regional das Comunidades\",\"potentialAction\":[{\"@type\":\"SearchAction\",\"target\":{\"@type\":\"EntryPoint\",\"urlTemplate\":\"https:\/\/portaldaacorianidade.azores.gov.pt\/?s={search_term_string}\"},\"query-input\":\"required name=search_term_string\"}],\"inLanguage\":\"en-US\"},{\"@type\":\"ImageObject\",\"@id\":\"https:\/\/portaldaacorianidade.azores.gov.pt\/?lang=en#primaryimage\",\"inLanguage\":\"en-US\",\"url\":\"http:\/\/portaldaacorianidade.azores.gov.pt\/wp-content\/uploads\/2021\/09\/barra-3.png\",\"contentUrl\":\"http:\/\/portaldaacorianidade.azores.gov.pt\/wp-content\/uploads\/2021\/09\/barra-3.png\"},{\"@type\":\"WebPage\",\"@id\":\"https:\/\/portaldaacorianidade.azores.gov.pt\/?lang=en#webpage\",\"url\":\"https:\/\/portaldaacorianidade.azores.gov.pt\/?lang=en\",\"name\":\"A\\u00e7orianidade Portal - Community Platform\",\"isPartOf\":{\"@id\":\"https:\/\/portaldaacorianidade.azores.gov.pt\/#website\"},\"primaryImageOfPage\":{\"@id\":\"https:\/\/portaldaacorianidade.azores.gov.pt\/?lang=en#primaryimage\"},\"datePublished\":\"2021-09-16T17:35:43+00:00\",\"dateModified\":\"2021-10-14T16:18:04+00:00\",\"description\":\"A\\u00e7orianidade Portal with access in a single space to the sites of interest to Azorean communities in order to facilitate their search.\",\"breadcrumb\":{\"@id\":\"https:\/\/portaldaacorianidade.azores.gov.pt\/?lang=en#breadcrumb\"},\"inLanguage\":\"en-US\",\"potentialAction\":[{\"@type\":\"ReadAction\",\"target\":[\"https:\/\/portaldaacorianidade.azores.gov.pt\/?lang=en\"]}]},{\"@type\":\"BreadcrumbList\",\"@id\":\"https:\/\/portaldaacorianidade.azores.gov.pt\/?lang=en#breadcrumb\",\"itemListElement\":[{\"@type\":\"ListItem\",\"position\":1,\"name\":\"Home\"}]}]}<\/script>\n<!-- \/ Yoast SEO plugin. -->","yoast_head_json":{"title":"A\u00e7orianidade Portal - Community Platform","description":"A\u00e7orianidade Portal with access in a single space to the sites of interest to Azorean communities in order to facilitate their search.","robots":{"index":"index","follow":"follow","max-snippet":"max-snippet:-1","max-image-preview":"max-image-preview:large","max-video-preview":"max-video-preview:-1"},"canonical":"https:\/\/portaldaacorianidade.azores.gov.pt\/en\/?lang=en","og_locale":"en_US","og_type":"article","og_title":"A\u00e7orianidade Portal - Community Platform","og_description":"A\u00e7orianidade Portal with access in a single space to the sites of interest to Azorean communities in order to facilitate their search.","og_url":"https:\/\/portaldaacorianidade.azores.gov.pt\/?lang=en","og_site_name":"Portal da A\u00e7orianidade - plataforma com os sites geridos pela Vice Presid\u00eancia do Governo","article_modified_time":"2021-10-14T16:18:04+00:00","og_image":[{"url":"http:\/\/portaldaacorianidade.azores.gov.pt\/wp-content\/uploads\/2021\/09\/barra-3.png"}],"twitter_card":"summary_large_image","twitter_misc":{"Est. reading time":"11 minutes"},"schema":{"@context":"https:\/\/schema.org","@graph":[{"@type":"WebSite","@id":"https:\/\/portaldaacorianidade.azores.gov.pt\/#website","url":"https:\/\/portaldaacorianidade.azores.gov.pt\/","name":"Portal da A\u00e7orianidade - plataforma com os sites geridos pela Vice Presid\u00eancia do Governo","description":" Plataforma os v\u00e1rios sites geridos pela Vice-Presid\u00eancia do Governo dos A\u00e7ores, atrav\u00e9s da Dire\u00e7\u00e3o Regional das Comunidades","potentialAction":[{"@type":"SearchAction","target":{"@type":"EntryPoint","urlTemplate":"https:\/\/portaldaacorianidade.azores.gov.pt\/?s={search_term_string}"},"query-input":"required name=search_term_string"}],"inLanguage":"en-US"},{"@type":"ImageObject","@id":"https:\/\/portaldaacorianidade.azores.gov.pt\/?lang=en#primaryimage","inLanguage":"en-US","url":"http:\/\/portaldaacorianidade.azores.gov.pt\/wp-content\/uploads\/2021\/09\/barra-3.png","contentUrl":"http:\/\/portaldaacorianidade.azores.gov.pt\/wp-content\/uploads\/2021\/09\/barra-3.png"},{"@type":"WebPage","@id":"https:\/\/portaldaacorianidade.azores.gov.pt\/?lang=en#webpage","url":"https:\/\/portaldaacorianidade.azores.gov.pt\/?lang=en","name":"A\u00e7orianidade Portal - Community Platform","isPartOf":{"@id":"https:\/\/portaldaacorianidade.azores.gov.pt\/#website"},"primaryImageOfPage":{"@id":"https:\/\/portaldaacorianidade.azores.gov.pt\/?lang=en#primaryimage"},"datePublished":"2021-09-16T17:35:43+00:00","dateModified":"2021-10-14T16:18:04+00:00","description":"A\u00e7orianidade Portal with access in a single space to the sites of interest to Azorean communities in order to facilitate their search.","breadcrumb":{"@id":"https:\/\/portaldaacorianidade.azores.gov.pt\/?lang=en#breadcrumb"},"inLanguage":"en-US","potentialAction":[{"@type":"ReadAction","target":["https:\/\/portaldaacorianidade.azores.gov.pt\/?lang=en"]}]},{"@type":"BreadcrumbList","@id":"https:\/\/portaldaacorianidade.azores.gov.pt\/?lang=en#breadcrumb","itemListElement":[{"@type":"ListItem","position":1,"name":"Home"}]}]}},"_links":{"self":[{"href":"https:\/\/portaldaacorianidade.azores.gov.pt\/en\/wp-json\/wp\/v2\/pages\/2384"}],"collection":[{"href":"https:\/\/portaldaacorianidade.azores.gov.pt\/en\/wp-json\/wp\/v2\/pages"}],"about":[{"href":"https:\/\/portaldaacorianidade.azores.gov.pt\/en\/wp-json\/wp\/v2\/types\/page"}],"author":[{"embeddable":true,"href":"https:\/\/portaldaacorianidade.azores.gov.pt\/en\/wp-json\/wp\/v2\/users\/1"}],"replies":[{"embeddable":true,"href":"https:\/\/portaldaacorianidade.azores.gov.pt\/en\/wp-json\/wp\/v2\/comments?post=2384"}],"version-history":[{"count":98,"href":"https:\/\/portaldaacorianidade.azores.gov.pt\/en\/wp-json\/wp\/v2\/pages\/2384\/revisions"}],"predecessor-version":[{"id":3771,"href":"https:\/\/portaldaacorianidade.azores.gov.pt\/en\/wp-json\/wp\/v2\/pages\/2384\/revisions\/3771"}],"wp:attachment":[{"href":"https:\/\/portaldaacorianidade.azores.gov.pt\/en\/wp-json\/wp\/v2\/media?parent=2384"}],"curies":[{"name":"wp","href":"https:\/\/api.w.org\/{rel}","templated":true}]}}